{"id":3,"date":"2020-07-01T09:38:46","date_gmt":"2020-07-01T09:38:46","guid":{"rendered":"http:\/\/annaestil.es\/?page_id=3"},"modified":"2025-11-25T07:09:25","modified_gmt":"2025-11-25T07:09:25","slug":"politica-privacidad","status":"publish","type":"page","link":"https:\/\/www.annaestil.es\/ca\/politica-privacidad\/","title":{"rendered":"Pol\u00edtica de privacidad"},"content":{"rendered":"\r\n<p><strong>\u00c1mbito de Aplicaci\u00f3n<\/strong><\/p>\r\n\r\n\r\n\r\n<p>ANA ESTIL\u00b7LES OLIV\u00c9 se compromete a respetar la privacidad de quienes visitan y utilizan su web, alojada bajo la URL\u00a0<a href=\"http:\/\/www.annaestil.es\/\">www.annaestil.es<\/a>\u00a0(el \u201cSitio Web\u201d).<\/p>\r\n\r\n\r\n\r\n<p>Esta Pol\u00edtica de Privacidad tiene como finalidad informar a las personas usuarias acerca del tratamiento de los datos personales que se recogen a trav\u00e9s del Sitio Web y de los servicios asociados a \u00e9ste.\u00a0<\/p>\r\n\r\n\r\n\r\n<p>La utilizaci\u00f3n de\u00a0<a href=\"http:\/\/www.annaestil.es\/\">www.annaestil.es<\/a>\u00a0o de cualquiera de sus servicios asociados (como los\u00a0<strong>funneles de ventas<\/strong>) implica la aceptaci\u00f3n por la persona usuaria de las disposiciones contenidas en esta Pol\u00edtica de Privacidad y que sus datos personales sean tratados seg\u00fan se establece en ella y de acuerdo con los usos y facultades que prev\u00e9 la normativa.<\/p>\r\n\r\n\r\n\r\n<p>La persona usuaria que acepte las condiciones puede recibir informaci\u00f3n y publicidad a trav\u00e9s de correos electr\u00f3nicos, redes sociales, listas de distribuci\u00f3n, funneles de ventas,\u00a0<strong>remarketing<\/strong>, grupos de\u00a0<strong>Telegram o Whatsapp<\/strong>\u00a0cualquier otro medio que la tecnolog\u00eda permita y no resulte invasivo.<\/p>\r\n\r\n\r\n\r\n<p>No obstante, el usuario puede revocar su permiso a recibir la informaci\u00f3n en cualquier momento sin necesidad de alegar ninguna justificaci\u00f3n.<\/p>\r\n\r\n\r\n\r\n<p><strong>Responsable \u2013 \u00bfQui\u00e9n es el responsable del tratamiento de los datos?<\/strong><\/p>\r\n\r\n\r\n\r\n<p>Le informamos que los datos personales facilitados a trav\u00e9s de los formularios u otro uso derivado de la navegaci\u00f3n en www.annaestil.es, as\u00ed como su direcci\u00f3n de correo electr\u00f3nico, han sido incluidas en un tratamiento de datos titularidad de ANA ESTIL\u00b7LES OLIV\u00c9, con DNI 39678968N, correo electr\u00f3nico\u00a0<a href=\"mailto:infocoach@annaestil.es\">infocoach@annaestil.es<\/a>\u00a0y domicilio social en Rambla Nova, n\u00ba 114 Esc B de la ciudad de Tarragona (43001), Espa\u00f1a.<\/p>\r\n\r\n\r\n\r\n<p>La persona encargada de la gesti\u00f3n y funcionamiento de la web y atender las solicitudes de clientes o usuarios sobre sus derechos sobre protecci\u00f3n de datos recogidos en el RGPD es ANA ESTIL\u00b7LES OLIV\u00c9 con DNI 39678968N y correo electr\u00f3nico de contacto.\u00a0<\/p>\r\n\r\n\r\n\r\n<p><strong>Finalidades<\/strong><\/p>\r\n\r\n\r\n\r\n<p>Se informa que los datos pueden ser tratados con la finalidad de facilitarle, por medios electr\u00f3nicos, informaci\u00f3n comercial y novedades de la web y de nuestros productos o servicios, siempre que nos autorice su tratamiento.<\/p>\r\n\r\n\r\n\r\n<p>Sus datos podr\u00e1n ser objeto de la elaboraci\u00f3n de perfiles, con el fin de aplicar un plan de fidelizaci\u00f3n de acuerdo con la vinculaci\u00f3n comercial de las personas usuarias y clientes y ofrecer ofertas que sean m\u00e1s adecuadas a sus preferencias.\u00a0<\/p>\r\n\r\n\r\n\r\n<p>Si el usuario contacta con\u00a0<a href=\"http:\/\/www.annaestil.es\/\">www.annaestil.es<\/a>\u00a0a trav\u00e9s de la web, sus datos personales se utilizar\u00e1n para darle respuesta a las peticiones de informaci\u00f3n y otras consultas que hubiera formulado.<\/p>\r\n\r\n\r\n\r\n<p>En cualquier momento puede oponerse a este tipo de env\u00edos, enviando un correo electr\u00f3nico a la direcci\u00f3n infocoach@annaestil.es indicando en el asunto \u201c<strong>Baja de la lista de distribuci\u00f3n<\/strong>\u201d o pinchando en el enlace de baja de suscripci\u00f3n que encontrar\u00e1 en los env\u00edos.<\/p>\r\n\r\n\r\n\r\n<p><strong>Sobre la pol\u00edtica de privacidad<\/strong><\/p>\r\n\r\n\r\n\r\n<p>ANA ESTIL\u00b7LES OLIV\u00c9 est\u00e1 especialmente sensibilizada con la protecci\u00f3n de los datos de las personas usuarias y clientas a los que se accede a trav\u00e9s de\u00a0<a href=\"http:\/\/www.annaestil.es\/\">www.annaestil.es<\/a>.<\/p>\r\n\r\n\r\n\r\n<p>Todo ello con el fin de resultar una web y un servicio transparente con su comunidad y facilitar que las personas que accedan a la web decidan, libre y voluntariamente, qu\u00e9 informaci\u00f3n desean facilitar en cada momento.<\/p>\r\n\r\n\r\n\r\n<p><strong>Confidencialidad y seguridad<\/strong><\/p>\r\n\r\n\r\n\r\n<p>Las personas usuarias dejar\u00e1n los datos y realizar\u00e1n el pago a trav\u00e9s de ANA ESTIL\u00b7LES OLIV\u00c9. Estos datos personales ser\u00e1n tratados con total confidencialidad.\u00a0 Adem\u00e1s, se informa que\u00a0<a href=\"http:\/\/www.annaestil.es\/\">www.annaestil.es<\/a>\u00a0ceder\u00e1 los datos a la persona responsable del evento organizado, adem\u00e1s de aquellos otros que pudieran estar vinculados con el evento, pero no a terceros sin relaci\u00f3n alguna ni motivo justificado.<\/p>\r\n\r\n\r\n\r\n<p><a href=\"http:\/\/www.annaestil.es\/\">www.annaestil.es<\/a>\u00a0informa que ha adoptado las medidas de car\u00e1cter t\u00e9cnico y organizativas necesarias a fin de garantizar la seguridad y confidencialidad y para evitar la alteraci\u00f3n, p\u00e9rdida, tratamiento o acceso no autorizado de los datos.\u00a0<\/p>\r\n\r\n\r\n\r\n<p>Todo ello teniendo en cuenta el estado de la evoluci\u00f3n tecnol\u00f3gica, la naturaleza de los datos almacenados y los riesgos a que est\u00e1n expuestos, ya provengan de la acci\u00f3n humana, acci\u00f3n automatizada o robot o del medio f\u00edsico o natural.\u00a0<\/p>\r\n\r\n\r\n\r\n<p>Sin embargo, no existe ning\u00fan sistema que garantice una seguridad completa, por lo que\u00a0<a href=\"http:\/\/www.annaestil.es\/\">www.annaestil.es<\/a>\u00a0no puede garantizar que los datos puedan estar totalmente protegidos en todo momento y bajo cualquier circunstancia ajena a\u00a0<a href=\"http:\/\/www.annaestil.es\/\">www.annaestil.es<\/a>.<\/p>\r\n\r\n\r\n\r\n<p><strong>Derechos de acceso, rectificaci\u00f3n, cancelaci\u00f3n y oposici\u00f3n<\/strong><\/p>\r\n\r\n\r\n\r\n<p>En cualquier momento el usuario podr\u00e1 acceder, rectificar, cancelar u oponerse al tratamiento de sus datos personales dirigi\u00e9ndose a la pesta\u00f1a \u201cContacto\u201d del Sitio Web, o bien seleccionando la opci\u00f3n \u201ccancelar la suscripci\u00f3n\u201d de cualquier correo electr\u00f3nico enviado por el Sitio Web.<\/p>\r\n\r\n\r\n\r\n<p><strong>Derechos de las personas usuarias<\/strong><\/p>\r\n\r\n\r\n\r\n<p>La persona interesada de los datos personales en todo caso podr\u00e1 ejercitar los derechos que le asisten, de acuerdo con el Reglamento General de Protecci\u00f3n de Datos y del Ley Org\u00e1nica 3\/2018 de Protecci\u00f3n de datos personales y garant\u00eda de los derechos digitales. Estos derechos son:<\/p>\r\n\r\n\r\n\r\n<p><strong>A<\/strong>. Derecho\u00a0<strong>de acceso:\u00a0<\/strong>a acceder y conocer los datos que se almacenan sobre ti.\u00a0<\/p>\r\n\r\n\r\n\r\n<p><strong>B<\/strong>. Los derechos de\u00a0<strong>rectificaci\u00f3n\u00a0<\/strong>y\u00a0<strong>supresi\u00f3n\u00a0<\/strong>podr\u00e1n ser ejercitados siempre que el interesado considere que los datos recogidos en nuestros tratamientos son\u00a0<em>inexactos, incompletos, inadecuados o excesivos.\u00a0<\/em><\/p>\r\n\r\n\r\n\r\n<p><strong>C<\/strong>. El derecho de\u00a0<strong>oposici\u00f3n\u00a0<\/strong>podr\u00e1 ser ejercitado siempre que la persona interesada quiera oponerse al tratamiento de sus datos personales, tanto por si los datos se tratan l\u00edcitamente como por inter\u00e9s personal leg\u00edtimo o por consentimiento relativo para fines publicitarios.<\/p>\r\n\r\n\r\n\r\n<p><strong>D<\/strong>. El derecho de\u00a0<strong>portabilidad\u00a0<\/strong>podr\u00e1 ser ejercitado siempre que la persona interesada considere que los datos recogidos en nuestros tratamientos deben ser devueltos a la persona titular de los datos, o bien a otro tercero (encargado del tratamiento).<\/p>\r\n\r\n\r\n\r\n<p><strong>Spam<\/strong><\/p>\r\n\r\n\r\n\r\n<p>ANA ESTIL\u00b7LES OLIV\u00c9 no aprueba la pr\u00e1ctica del \u201cspamming\u201d. Esta palabra significa el env\u00edo masivo y repetido de mensajes de correo electr\u00f3nico no solicitados, normalmente de car\u00e1cter comercial, a personas con las cuales el remitente no ha mantenido ning\u00fan contacto anterior, o personas que hayan expresado su deseo de no recibir tales mensajes.<\/p>\r\n\r\n\r\n\r\n<p>En el caso de que\u00a0<a href=\"http:\/\/www.annaestil.es\/\">www.annaestil.es<\/a>\u00a0considere que determinada informaci\u00f3n puede ser de inter\u00e9s para las personas usuarias, se reserva el derecho a facilitarles dicha informaci\u00f3n por correo electr\u00f3nico, previo su consentimiento y ofreciendo siempre la posibilidad de excluirse de ese servicio de informaci\u00f3n.<\/p>\r\n\r\n\r\n\r\n<p><strong>Funneles de Venta y publicidad<\/strong><\/p>\r\n\r\n\r\n\r\n<p>ANA ESTIL\u00b7LES OLIV\u00c9 puede utilizar campa\u00f1as de publicidad y t\u00e9cnicas de venta a trav\u00e9s de las que pueda pedir ciertos datos personales a fin de permitir ofrecer el servicio solicitado, como por ejemplo entregar un presupuesto. En todo caso, las personas interesadas pueden ejercer sus derechos en cualquier momento sobre los datos personales.<\/p>\r\n\r\n\r\n\r\n<p><strong>Disclaimer<\/strong><\/p>\r\n\r\n\r\n\r\n<p>El establecimiento no se hace responsable de las opiniones y comentarios que personas ajenas a la organizaci\u00f3n publiquen en redes sociales, webs, foros, rese\u00f1as o apps sobre ANA ESTIL\u00b7LES OLIV\u00c9 o cualquiera de sus servicios, personal o instalaciones, siendo el autor o autora el \u00fanico responsable de su veracidad.<\/p>\r\n\r\n\r\n\r\n<p><strong>Modificaci\u00f3n de la pol\u00edtica de privacidad<\/strong><\/p>\r\n\r\n\r\n\r\n<p>ANA ESTIL\u00b7LES OLIV\u00c9 se reserva el derecho de modificar en cualquier momento la presente pol\u00edtica con el objeto de adaptarla a las novedades legislativas, siendo publicadas las sucesivas versiones en el sitio web.\u00a0<\/p>\r\n\r\n\r\n\r\n<p>Los cambios ser\u00e1n comunicados en nuestra p\u00e1gina Web con la antelaci\u00f3n que sea necesaria, sin perjuicio de pedir el consentimiento necesario de las personas afectadas por el cambio normativo, cuando \u00e9ste no se considerase otorgado con arreglo a los t\u00e9rminos de la presente pol\u00edtica.<\/p>\r\n\r\n\r\n\r\n<p>Cualquier duda, pregunta o comentarios que pudiera albergar con referencia a la presente normativa, no dude en consultarlas dirigiendo su comunicaci\u00f3n al respecto a:\u00a0<a href=\"mailto:infocoach@annaestil.es\">infocoach@annaestil.es<\/a><\/p>\r\n\r\n\r\n\r\n<p>Este documento ha sido modificado por \u00faltima vez y publicado en fecha 19 de agosto de 2022.<\/p>\r\n\r\n\r\n\r\n<div class=\"wp-block-spacer\" style=\"height: 100px;\" aria-hidden=\"true\">\u00a0<\/div>\r\n","protected":false},"excerpt":{"rendered":"<p>\u00c1mbito de Aplicaci\u00f3n ANA ESTIL\u00b7LES OLIV\u00c9 se compromete a respetar la privacidad de quienes visitan y utilizan su web, alojada bajo la URL\u00a0www.annaestil.es\u00a0(el \u201cSitio Web\u201d). Esta Pol\u00edtica de Privacidad tiene como finalidad informar a las personas usuarias acerca del tratamiento de los datos personales que se recogen a trav\u00e9s del Sitio Web y de los [&hellip;]<\/p>\n","protected":false},"author":1,"featured_media":0,"parent":0,"menu_order":0,"comment_status":"closed","ping_status":"closed","template":"","meta":{"_et_pb_use_builder":"","_et_pb_old_content":"","_et_gb_content_width":"1080","inline_featured_image":false,"_joinchat":[],"footnotes":""},"class_list":["post-3","page","type-page","status-publish","hentry"],"yoast_head":"<!-- This site is optimized with the Yoast SEO plugin v27.5 - https:\/\/yoast.com\/product\/yoast-seo-wordpress\/ -->\n<title>Pol\u00edtica de privacidad - Anna Esil\u00b7les<\/title>\n<meta name=\"robots\" content=\"noindex, nofollow\" \/>\n<meta property=\"og:locale\" content=\"ca_ES\" \/>\n<meta property=\"og:type\" content=\"article\" \/>\n<meta property=\"og:title\" content=\"Pol\u00edtica de privacidad - Anna Esil\u00b7les\" \/>\n<meta property=\"og:description\" content=\"\u00c1mbito de Aplicaci\u00f3n ANA ESTIL\u00b7LES OLIV\u00c9 se compromete a respetar la privacidad de quienes visitan y utilizan su web, alojada bajo la URL\u00a0www.annaestil.es\u00a0(el \u201cSitio Web\u201d). Esta Pol\u00edtica de Privacidad tiene como finalidad informar a las personas usuarias acerca del tratamiento de los datos personales que se recogen a trav\u00e9s del Sitio Web y de los [&hellip;]\" \/>\n<meta property=\"og:url\" content=\"https:\/\/www.annaestil.es\/ca\/politica-privacidad\/\" \/>\n<meta property=\"og:site_name\" content=\"Anna Esil\u00b7les\" \/>\n<meta property=\"article:modified_time\" content=\"2025-11-25T07:09:25+00:00\" \/>\n<meta name=\"twitter:card\" content=\"summary_large_image\" \/>\n<meta name=\"twitter:label1\" content=\"Temps estimat de lectura\" \/>\n\t<meta name=\"twitter:data1\" content=\"6 minuts\" \/>\n<script type=\"application\/ld+json\" class=\"yoast-schema-graph\">{\"@context\":\"https:\\\/\\\/schema.org\",\"@graph\":[{\"@type\":\"WebPage\",\"@id\":\"https:\\\/\\\/www.annaestil.es\\\/ca\\\/politica-privacidad\\\/\",\"url\":\"https:\\\/\\\/www.annaestil.es\\\/ca\\\/politica-privacidad\\\/\",\"name\":\"Pol\u00edtica de privacidad - Anna Esil\u00b7les\",\"isPartOf\":{\"@id\":\"https:\\\/\\\/www.annaestil.es\\\/ca\\\/#website\"},\"datePublished\":\"2020-07-01T09:38:46+00:00\",\"dateModified\":\"2025-11-25T07:09:25+00:00\",\"breadcrumb\":{\"@id\":\"https:\\\/\\\/www.annaestil.es\\\/ca\\\/politica-privacidad\\\/#breadcrumb\"},\"inLanguage\":\"ca\",\"potentialAction\":[{\"@type\":\"ReadAction\",\"target\":[\"https:\\\/\\\/www.annaestil.es\\\/ca\\\/politica-privacidad\\\/\"]}]},{\"@type\":\"BreadcrumbList\",\"@id\":\"https:\\\/\\\/www.annaestil.es\\\/ca\\\/politica-privacidad\\\/#breadcrumb\",\"itemListElement\":[{\"@type\":\"ListItem\",\"position\":1,\"name\":\"Portada\",\"item\":\"https:\\\/\\\/www.annaestil.es\\\/ca\\\/\"},{\"@type\":\"ListItem\",\"position\":2,\"name\":\"Pol\u00edtica de privacidad\"}]},{\"@type\":\"WebSite\",\"@id\":\"https:\\\/\\\/www.annaestil.es\\\/ca\\\/#website\",\"url\":\"https:\\\/\\\/www.annaestil.es\\\/ca\\\/\",\"name\":\"Anna Esil\u00b7les\",\"description\":\"Coach de Bienestar Familiar y Personal\",\"potentialAction\":[{\"@type\":\"SearchAction\",\"target\":{\"@type\":\"EntryPoint\",\"urlTemplate\":\"https:\\\/\\\/www.annaestil.es\\\/ca\\\/?s={search_term_string}\"},\"query-input\":{\"@type\":\"PropertyValueSpecification\",\"valueRequired\":true,\"valueName\":\"search_term_string\"}}],\"inLanguage\":\"ca\"}]}<\/script>\n<!-- \/ Yoast SEO plugin. -->","yoast_head_json":{"title":"Pol\u00edtica de privacidad - Anna Esil\u00b7les","robots":{"index":"noindex","follow":"nofollow"},"og_locale":"ca_ES","og_type":"article","og_title":"Pol\u00edtica de privacidad - Anna Esil\u00b7les","og_description":"\u00c1mbito de Aplicaci\u00f3n ANA ESTIL\u00b7LES OLIV\u00c9 se compromete a respetar la privacidad de quienes visitan y utilizan su web, alojada bajo la URL\u00a0www.annaestil.es\u00a0(el \u201cSitio Web\u201d). Esta Pol\u00edtica de Privacidad tiene como finalidad informar a las personas usuarias acerca del tratamiento de los datos personales que se recogen a trav\u00e9s del Sitio Web y de los [&hellip;]","og_url":"https:\/\/www.annaestil.es\/ca\/politica-privacidad\/","og_site_name":"Anna Esil\u00b7les","article_modified_time":"2025-11-25T07:09:25+00:00","twitter_card":"summary_large_image","twitter_misc":{"Temps estimat de lectura":"6 minuts"},"schema":{"@context":"https:\/\/schema.org","@graph":[{"@type":"WebPage","@id":"https:\/\/www.annaestil.es\/ca\/politica-privacidad\/","url":"https:\/\/www.annaestil.es\/ca\/politica-privacidad\/","name":"Pol\u00edtica de privacidad - Anna Esil\u00b7les","isPartOf":{"@id":"https:\/\/www.annaestil.es\/ca\/#website"},"datePublished":"2020-07-01T09:38:46+00:00","dateModified":"2025-11-25T07:09:25+00:00","breadcrumb":{"@id":"https:\/\/www.annaestil.es\/ca\/politica-privacidad\/#breadcrumb"},"inLanguage":"ca","potentialAction":[{"@type":"ReadAction","target":["https:\/\/www.annaestil.es\/ca\/politica-privacidad\/"]}]},{"@type":"BreadcrumbList","@id":"https:\/\/www.annaestil.es\/ca\/politica-privacidad\/#breadcrumb","itemListElement":[{"@type":"ListItem","position":1,"name":"Portada","item":"https:\/\/www.annaestil.es\/ca\/"},{"@type":"ListItem","position":2,"name":"Pol\u00edtica de privacidad"}]},{"@type":"WebSite","@id":"https:\/\/www.annaestil.es\/ca\/#website","url":"https:\/\/www.annaestil.es\/ca\/","name":"Anna Esil\u00b7les","description":"Coach de Bienestar Familiar y Personal","potentialAction":[{"@type":"SearchAction","target":{"@type":"EntryPoint","urlTemplate":"https:\/\/www.annaestil.es\/ca\/?s={search_term_string}"},"query-input":{"@type":"PropertyValueSpecification","valueRequired":true,"valueName":"search_term_string"}}],"inLanguage":"ca"}]}},"_links":{"self":[{"href":"https:\/\/www.annaestil.es\/ca\/wp-json\/wp\/v2\/pages\/3","targetHints":{"allow":["GET"]}}],"collection":[{"href":"https:\/\/www.annaestil.es\/ca\/wp-json\/wp\/v2\/pages"}],"about":[{"href":"https:\/\/www.annaestil.es\/ca\/wp-json\/wp\/v2\/types\/page"}],"author":[{"embeddable":true,"href":"https:\/\/www.annaestil.es\/ca\/wp-json\/wp\/v2\/users\/1"}],"replies":[{"embeddable":true,"href":"https:\/\/www.annaestil.es\/ca\/wp-json\/wp\/v2\/comments?post=3"}],"version-history":[{"count":3,"href":"https:\/\/www.annaestil.es\/ca\/wp-json\/wp\/v2\/pages\/3\/revisions"}],"predecessor-version":[{"id":11619,"href":"https:\/\/www.annaestil.es\/ca\/wp-json\/wp\/v2\/pages\/3\/revisions\/11619"}],"wp:attachment":[{"href":"https:\/\/www.annaestil.es\/ca\/wp-json\/wp\/v2\/media?parent=3"}],"curies":[{"name":"wp","href":"https:\/\/api.w.org\/{rel}","templated":true}]}}