{"id":490,"date":"2020-08-13T17:18:10","date_gmt":"2020-08-13T17:18:10","guid":{"rendered":"https:\/\/www.annaestil.es\/coaching-individual\/"},"modified":"2026-03-16T18:51:55","modified_gmt":"2026-03-16T18:51:55","slug":"coaching-individual","status":"publish","type":"page","link":"https:\/\/www.annaestil.es\/ca\/coaching-individual\/","title":{"rendered":"Coaching Individual"},"content":{"rendered":"<p>[et_pb_section fb_built=&#8221;1&#8243; _builder_version=&#8221;4.16&#8243; use_background_color_gradient=&#8221;on&#8221; background_color_gradient_stops=&#8221;rgba(255,255,255,0.8) 0%|#ffffff 100%&#8221; background_color_gradient_overlays_image=&#8221;on&#8221; background_color_gradient_start=&#8221;rgba(255,255,255,0.8)&#8221; background_color_gradient_end=&#8221;#ffffff&#8221; background_image=&#8221;https:\/\/www.annaestil.es\/wp-content\/uploads\/2020\/07\/therapist-02.png&#8221; custom_margin=&#8221;||||false&#8221; custom_padding=&#8221;0vw||2vw||false|false&#8221; global_colors_info=&#8221;{}&#8221;][et_pb_row _builder_version=&#8221;4.16&#8243; width=&#8221;94%&#8221; max_width=&#8221;100%&#8221; custom_margin=&#8221;||0px||false|false&#8221; custom_padding=&#8221;||0px||false|false&#8221; global_colors_info=&#8221;{}&#8221;][et_pb_column type=&#8221;4_4&#8243; _builder_version=&#8221;4.16&#8243; global_colors_info=&#8221;{}&#8221;][\/et_pb_column][\/et_pb_row][et_pb_row _builder_version=&#8221;4.16&#8243; custom_margin=&#8221;-60px||||false|false&#8221; custom_padding=&#8221;0px||||false|false&#8221; animation_style=&#8221;fade&#8221; global_colors_info=&#8221;{}&#8221;][et_pb_column type=&#8221;4_4&#8243; _builder_version=&#8221;4.16&#8243; custom_padding=&#8221;0px||||false|false&#8221; global_colors_info=&#8221;{}&#8221; custom_padding__hover=&#8221;|||&#8221;][et_pb_text _builder_version=&#8221;4.27.4&#8243; text_font=&#8221;||||||||&#8221; text_font_size=&#8221;18px&#8221; text_line_height=&#8221;2em&#8221; header_font=&#8221;Montserrat||||||||&#8221; header_font_size=&#8221;50px&#8221; header_line_height=&#8221;1.4em&#8221; text_orientation=&#8221;center&#8221; max_width=&#8221;900px&#8221; module_alignment=&#8221;center&#8221; animation_style=&#8221;slide&#8221; animation_direction=&#8221;top&#8221; header_font_size_tablet=&#8221;40px&#8221; header_font_size_phone=&#8221;32px&#8221; header_font_size_last_edited=&#8221;on|desktop&#8221; global_colors_info=&#8221;{}&#8221;]<\/p>\n<h2 style=\"font-size: 45px;\"><strong>\u00a0Programa personalitzat<\/strong><\/h2>\n<h2 style=\"font-size: 45px;\"><strong> &#8220;Posa ordre a la teva vida&#8221;\u00a0<\/strong><\/h2>\n<p>&nbsp;<\/p>\n<h2 style=\"font-size: 45px;\">Totes les persones que han aconseguit l&#8217;\u00e8xit, tenen un mentor\/a que les acompanya en el cam\u00ed.<\/h2>\n<h2><\/h2>\n<h2><\/h2>\n<h2><\/h2>\n<h2><span style=\"text-decoration: underline;\">Aix\u00f2 \u00e9s per a tu si<\/span><span style=\"font-size: 26px;\">:<\/span><\/h2>\n<p>Et sents aclaparat\/da per la falta d&#8217;organitzaci\u00f3 i claredat en el teu dia a dia.\u00a0<br \/>Vols optimitzar el teu potencial i equilibrar les teves responsabilitats personals i professionals.\u00a0<\/p>\n<p>Busques una guia clara per implementar h\u00e0bits sostenibles i aconseguir benestar en totes les \u00e0rees.\u00a0<\/p>\n<p>&nbsp;<\/p>\n<p>[\/et_pb_text][et_pb_text _builder_version=&#8221;4.27.4&#8243; text_font=&#8221;|300|on||||||&#8221; text_font_size=&#8221;20px&#8221; text_letter_spacing=&#8221;1px&#8221; text_line_height=&#8221;1.4em&#8221; custom_padding=&#8221;18px||0px|||&#8221; animation_style=&#8221;fade&#8221; global_colors_info=&#8221;{}&#8221;]<\/p>\n<p style=\"text-align: center;\"><strong>Ara nom\u00e9s existeix el teu present i disposes de tots els recursos interns per construir un bon futur. Redissenyar la teva vida \u00e9s a les teves mans.\u00a0<\/strong><\/p>\n<p style=\"text-align: center;\"><strong>Per aix\u00f2 cal passar a l&#8217;acci\u00f3. Perqu\u00e8 voler \u00e9s poder&#8230; per\u00f2 necessites un bon pla.\u00a0<\/strong><\/p>\n<p>[\/et_pb_text][\/et_pb_column][\/et_pb_row][et_pb_row _builder_version=&#8221;4.27.4&#8243; _module_preset=&#8221;default&#8221; global_colors_info=&#8221;{}&#8221;][et_pb_column type=&#8221;4_4&#8243; _builder_version=&#8221;4.27.4&#8243; _module_preset=&#8221;default&#8221; global_colors_info=&#8221;{}&#8221;][et_pb_button button_url=&#8221;https:\/\/wa.me\/+34617591804&#8243; url_new_window=&#8221;on&#8221; button_text=&#8221;Reserva la teva sessi\u00f3 gratu\u00efta&#8221; button_alignment=&#8221;center&#8221; _builder_version=&#8221;4.27.5&#8243; custom_button=&#8221;on&#8221; button_text_color=&#8221;#ffffff&#8221; button_bg_color=&#8221;#7f8dff&#8221; button_border_color=&#8221;rgba(0,0,0,0)&#8221; button_border_radius=&#8221;100px&#8221; button_font=&#8221;Montserrat|||on|||||&#8221; vertical_offset_tablet=&#8221;0&#8243; horizontal_offset_tablet=&#8221;0&#8243; custom_margin=&#8221;||-60px|&#8221; custom_padding=&#8221;16px|30px|16px|30px|true|true&#8221; z_index_tablet=&#8221;0&#8243; button_text_shadow_horizontal_length_tablet=&#8221;0px&#8221; button_text_shadow_vertical_length_tablet=&#8221;0px&#8221; button_text_shadow_blur_strength_tablet=&#8221;1px&#8221; box_shadow_style=&#8221;preset3&#8243; box_shadow_color=&#8221;rgba(127,141,255,0.4)&#8221; button_letter_spacing_hover=&#8221;2px&#8221; locked=&#8221;off&#8221; global_colors_info=&#8221;{}&#8221; button_text_size__hover_enabled=&#8221;off&#8221; button_one_text_size__hover_enabled=&#8221;off&#8221; button_two_text_size__hover_enabled=&#8221;off&#8221; button_text_color__hover_enabled=&#8221;off&#8221; button_one_text_color__hover_enabled=&#8221;off&#8221; button_two_text_color__hover_enabled=&#8221;off&#8221; button_border_width__hover_enabled=&#8221;off&#8221; button_one_border_width__hover_enabled=&#8221;off&#8221; button_two_border_width__hover_enabled=&#8221;off&#8221; button_border_color__hover_enabled=&#8221;off&#8221; button_one_border_color__hover_enabled=&#8221;off&#8221; button_two_border_color__hover_enabled=&#8221;off&#8221; button_border_radius__hover_enabled=&#8221;off&#8221; button_one_border_radius__hover_enabled=&#8221;off&#8221; button_two_border_radius__hover_enabled=&#8221;off&#8221; button_letter_spacing__hover_enabled=&#8221;on&#8221; button_letter_spacing__hover=&#8221;2px&#8221; button_one_letter_spacing__hover_enabled=&#8221;off&#8221; button_two_letter_spacing__hover_enabled=&#8221;off&#8221; button_bg_color__hover_enabled=&#8221;off&#8221; button_one_bg_color__hover_enabled=&#8221;off&#8221; button_two_bg_color__hover_enabled=&#8221;off&#8221;][\/et_pb_button][\/et_pb_column][\/et_pb_row][\/et_pb_section][et_pb_section fb_built=&#8221;1&#8243; admin_label=&#8221;Features&#8221; _builder_version=&#8221;4.16&#8243; custom_margin=&#8221;||||false&#8221; custom_padding=&#8221;0px||0px||true&#8221; top_divider_style=&#8221;curve&#8221; top_divider_color=&#8221;#ffffff&#8221; top_divider_height=&#8221;2.5vw&#8221; top_divider_arrangement=&#8221;above_content&#8221; global_colors_info=&#8221;{}&#8221;][et_pb_row column_structure=&#8221;1_4,1_4,1_4,1_4&#8243; use_custom_gutter=&#8221;on&#8221; gutter_width=&#8221;1&#8243; make_equal=&#8221;on&#8221; padding_top_bottom_link_1=&#8221;true&#8221; padding_top_bottom_link_2=&#8221;true&#8221; padding_top_bottom_link_3=&#8221;true&#8221; padding_left_right_link_1=&#8221;true&#8221; padding_left_right_link_2=&#8221;true&#8221; padding_left_right_link_3=&#8221;true&#8221; module_id=&#8221;coaching-individual-images&#8221; module_class=&#8221; et_pb_row_fullwidth&#8221; _builder_version=&#8221;4.16&#8243; width=&#8221;100%&#8221; width_tablet=&#8221;100%&#8221; width_phone=&#8221;&#8221; width_last_edited=&#8221;on|desktop&#8221; max_width=&#8221;100%&#8221; max_width_tablet=&#8221;100%&#8221; max_width_phone=&#8221;&#8221; max_width_last_edited=&#8221;on|desktop&#8221; min_height=&#8221;600px&#8221; custom_padding=&#8221;0|0px|0px|0px|false|false&#8221; make_fullwidth=&#8221;on&#8221; global_colors_info=&#8221;{}&#8221;][et_pb_column type=&#8221;1_4&#8243; module_class=&#8221;goodboy&#8221; _builder_version=&#8221;4.16&#8243; background_enable_color=&#8221;off&#8221; background_image=&#8221;https:\/\/www.annaestil.es\/wp-content\/uploads\/2020\/08\/individual-home-bici-scaled.jpeg&#8221; custom_padding=&#8221;80px|0px|80px|8%|false|false&#8221; custom_padding_tablet=&#8221;|10%||10%||true&#8221; custom_padding_phone=&#8221;&#8221; custom_padding_last_edited=&#8221;on|tablet&#8221; animation_direction=&#8221;right&#8221; global_colors_info=&#8221;{}&#8221; padding_tablet=&#8221;|10%||10%||true&#8221; padding_last_edited=&#8221;on|tablet&#8221; custom_padding__hover=&#8221;|||&#8221; padding_phone=&#8221;|10%||10%||true&#8221;][et_pb_text _builder_version=&#8221;4.16&#8243; text_font=&#8221;|700||on|||||&#8221; text_text_color=&#8221;#ffffff&#8221; text_font_size=&#8221;40px&#8221; text_letter_spacing=&#8221;1px&#8221; text_orientation=&#8221;right&#8221; background_layout=&#8221;dark&#8221; custom_margin=&#8221;180px||||false|false&#8221; text_text_shadow_style=&#8221;preset3&#8243; global_colors_info=&#8221;{}&#8221;]<\/p>\n<p>TROBEM\u00a0<\/p>\n<p>[\/et_pb_text][\/et_pb_column][et_pb_column type=&#8221;1_4&#8243; module_class=&#8221;badboy&#8221; _builder_version=&#8221;4.16&#8243; background_enable_color=&#8221;off&#8221; background_image=&#8221;https:\/\/www.annaestil.es\/wp-content\/uploads\/2020\/08\/man-think.jpeg&#8221; custom_padding=&#8221;80px|0px|80px||false|false&#8221; custom_padding_tablet=&#8221;|10%||10%||true&#8221; custom_padding_phone=&#8221;&#8221; custom_padding_last_edited=&#8221;on|tablet&#8221; animation_style=&#8221;slide&#8221; animation_direction=&#8221;left&#8221; global_colors_info=&#8221;{}&#8221; padding_tablet=&#8221;|10%||10%||true&#8221; padding_last_edited=&#8221;on|tablet&#8221; custom_padding__hover=&#8221;|||&#8221; padding_phone=&#8221;|10%||10%||true&#8221;][et_pb_text _builder_version=&#8221;4.16&#8243; text_font=&#8221;|700||on|||||&#8221; text_text_color=&#8221;#ffffff&#8221; text_font_size=&#8221;40px&#8221; text_letter_spacing=&#8221;1px&#8221; text_orientation=&#8221;right&#8221; background_layout=&#8221;dark&#8221; custom_margin=&#8221;180px||||false|false&#8221; text_text_shadow_style=&#8221;preset3&#8243; global_colors_info=&#8221;{}&#8221;]<\/p>\n<p>MOMENTS\u00a0<\/p>\n<p>[\/et_pb_text][\/et_pb_column][et_pb_column type=&#8221;1_4&#8243; module_class=&#8221;badgirl&#8221; _builder_version=&#8221;4.16&#8243; background_enable_color=&#8221;off&#8221; background_image=&#8221;https:\/\/www.annaestil.es\/wp-content\/uploads\/2020\/08\/woman-think.jpeg&#8221; custom_padding=&#8221;80px|8%|80px|0px|false|false&#8221; custom_padding_tablet=&#8221;|10%||10%||true&#8221; custom_padding_phone=&#8221;&#8221; custom_padding_last_edited=&#8221;on|tablet&#8221; animation_style=&#8221;slide&#8221; animation_direction=&#8221;right&#8221; global_colors_info=&#8221;{}&#8221; padding_tablet=&#8221;|10%||10%||true&#8221; padding_last_edited=&#8221;on|tablet&#8221; custom_padding__hover=&#8221;|||&#8221; padding_phone=&#8221;|10%||10%||true&#8221;][et_pb_text _builder_version=&#8221;4.16&#8243; text_font=&#8221;|700||on|||||&#8221; text_text_color=&#8221;#ffffff&#8221; text_font_size=&#8221;40px&#8221; text_letter_spacing=&#8221;1px&#8221; background_layout=&#8221;dark&#8221; custom_margin=&#8221;180px||||false|false&#8221; text_text_shadow_style=&#8221;preset3&#8243; global_colors_info=&#8221;{}&#8221;]<\/p>\n<p>\u00a0DE BLOQUEIG<\/p>\n<p>[\/et_pb_text][\/et_pb_column][et_pb_column type=&#8221;1_4&#8243; module_class=&#8221;goodgirl&#8221; _builder_version=&#8221;4.16&#8243; background_enable_color=&#8221;off&#8221; background_image=&#8221;https:\/\/www.annaestil.es\/wp-content\/uploads\/2020\/08\/woman-apple.jpeg&#8221; custom_padding=&#8221;80px|8%|80px|0px|false|false&#8221; custom_padding_tablet=&#8221;|10%||10%||true&#8221; custom_padding_phone=&#8221;&#8221; custom_padding_last_edited=&#8221;on|tablet&#8221; animation_direction=&#8221;right&#8221; global_colors_info=&#8221;{}&#8221; padding_tablet=&#8221;|10%||10%||true&#8221; padding_last_edited=&#8221;on|tablet&#8221; custom_padding__hover=&#8221;|||&#8221; padding_phone=&#8221;|10%||10%||true&#8221;][et_pb_text _builder_version=&#8221;4.16&#8243; text_font=&#8221;|700||on|||||&#8221; text_text_color=&#8221;#ffffff&#8221; text_font_size=&#8221;40px&#8221; text_letter_spacing=&#8221;1px&#8221; background_layout=&#8221;dark&#8221; custom_margin=&#8221;180px||||false|false&#8221; text_text_shadow_style=&#8221;preset3&#8243; global_colors_info=&#8221;{}&#8221;]<\/p>\n<p>\u00a0SOL\u00b7LUCIONS<\/p>\n<p>[\/et_pb_text][\/et_pb_column][\/et_pb_row][\/et_pb_section][et_pb_section fb_built=&#8221;1&#8243; _builder_version=&#8221;4.16&#8243; custom_padding=&#8221;||30px|||&#8221; global_colors_info=&#8221;{}&#8221;][et_pb_row _builder_version=&#8221;4.16&#8243; global_colors_info=&#8221;{}&#8221;][et_pb_column type=&#8221;4_4&#8243; _builder_version=&#8221;4.16&#8243; global_colors_info=&#8221;{}&#8221;][et_pb_text module_class=&#8221;check_bullets&#8221; _builder_version=&#8221;4.27.4&#8243; custom_padding=&#8221;8px|||||&#8221; animation_style=&#8221;slide&#8221; global_colors_info=&#8221;{}&#8221;]<\/p>\n<h3 style=\"text-align: center;\"><span style=\"text-decoration: underline;\">Qu\u00e8 aconseguir\u00e0s<\/span><\/h3>\n<p>&nbsp;<\/p>\n<ul style=\"text-align: center;\">\n<li>Canviar la teva mentalitat: dominar el teu di\u00e0leg intern, actitud proactiva i estrat\u00e8gies de resili\u00e8ncia.<\/li>\n<li>Reestructurar les diferets \u00e0rees com a invitaci\u00f3 a aconseguir equilibri, claredat i estabilitat.<\/li>\n<li>Millorar la teva salut f\u00edsica i emocional: implementar h\u00e0bits 360\u00ba en totes les \u00e0rees de la teva vida.<\/li>\n<\/ul>\n<p style=\"text-align: center;\"><strong><\/strong><\/p>\n<p style=\"text-align: center;\"><strong>No es tracta nom\u00e9s de millorar la teva vida. <\/strong><\/p>\n<p style=\"text-align: center;\"><strong>Es tracta d&#8217;aprendre a viure-la de manera conscient per arribar a l&#8217;\u00e8xit sostenible i aut\u00e8ntic.\u00a0<\/strong><\/p>\n<p>[\/et_pb_text][\/et_pb_column][\/et_pb_row][\/et_pb_section][et_pb_section fb_built=&#8221;1&#8243; admin_label=&#8221;Specialties&#8221; _builder_version=&#8221;4.16&#8243; background_image=&#8221;https:\/\/www.annaestil.es\/wp-content\/uploads\/2020\/07\/therapist-06d.png&#8221; background_position=&#8221;top_left&#8221; global_colors_info=&#8221;{}&#8221;][et_pb_row _builder_version=&#8221;4.16&#8243; global_colors_info=&#8221;{}&#8221;][et_pb_column type=&#8221;4_4&#8243; _builder_version=&#8221;4.16&#8243; global_colors_info=&#8221;{}&#8221;][et_pb_text _builder_version=&#8221;4.16&#8243; text_font=&#8221;||||||||&#8221; text_line_height=&#8221;2em&#8221; header_font=&#8221;||||||||&#8221; header_2_font=&#8221;Montserrat||||||||&#8221; header_2_font_size=&#8221;40px&#8221; header_2_line_height=&#8221;1.4em&#8221; header_5_font=&#8221;||||||||&#8221; header_5_text_color=&#8221;#7f8dff&#8221; header_5_line_height=&#8221;2em&#8221; text_orientation=&#8221;center&#8221; max_width=&#8221;700px&#8221; module_alignment=&#8221;center&#8221; header_2_font_size_tablet=&#8221;&#8221; header_2_font_size_phone=&#8221;30px&#8221; header_2_font_size_last_edited=&#8221;on|phone&#8221; locked=&#8221;off&#8221; global_colors_info=&#8221;{}&#8221;]<\/p>\n<h2>Testimonis<\/h2>\n<p>[\/et_pb_text][\/et_pb_column][\/et_pb_row][et_pb_row _builder_version=&#8221;4.16&#8243; background_image=&#8221;https:\/\/www.annaestil.es\/wp-content\/uploads\/2020\/07\/therapist-13.jpg&#8221; custom_margin=&#8221;30px||20px||false|false&#8221; custom_padding=&#8221;40px|80px|40px|60px|false|false&#8221; border_radii=&#8221;on|10px|10px|10px|10px&#8221; box_shadow_style=&#8221;preset3&#8243; box_shadow_vertical=&#8221;5px&#8221; box_shadow_blur=&#8221;24px&#8221; box_shadow_color=&#8221;rgba(91,91,91,0.31)&#8221; global_colors_info=&#8221;{}&#8221;][et_pb_column type=&#8221;4_4&#8243; _builder_version=&#8221;4.16&#8243; global_colors_info=&#8221;{}&#8221;][et_pb_text _builder_version=&#8221;4.27.4&#8243; text_font_size=&#8221;18px&#8221; text_line_height=&#8221;1.8em&#8221; header_5_font=&#8221;||||||||&#8221; header_5_text_color=&#8221;#35aae1&#8243; global_colors_info=&#8221;{}&#8221;]<\/p>\n<p style=\"text-align: justify;\"><em>\u201cQuan vaig comen\u00e7ar amb l&#8217;Anna la meva vida era la feina i passava poc temps amb la fam\u00edlia. No trobava una altra manera de fer les coses. A m\u00e9s, havia descuidat la meva salut f\u00edsica i tenia problemes metab\u00f2lics importants. Despr\u00e9s de mesos amb ella soc capa\u00e7 d&#8217;equilibrar millor les meves \u00e0rees personal i professional, soc m\u00e9s conscient del que passa al meu voltant i he aconseguit tenir moments de desconexi\u00f3 a nivell mental.\u201d<\/em><\/p>\n<p style=\"text-align: justify;\">\n<p style=\"text-align: justify;\">\n<h5 style=\"text-align: justify;\">Javier F.<\/h5>\n<h6 style=\"text-align: justify;\">52 anys, CEO sector log\u00edstic.<\/h6>\n<p>[\/et_pb_text][\/et_pb_column][\/et_pb_row][et_pb_row _builder_version=&#8221;4.16&#8243; background_image=&#8221;https:\/\/www.annaestil.es\/wp-content\/uploads\/2020\/07\/therapist-13.jpg&#8221; custom_margin=&#8221;30px||20px||false|false&#8221; custom_padding=&#8221;40px|80px|40px|60px|false|false&#8221; border_radii=&#8221;on|10px|10px|10px|10px&#8221; box_shadow_style=&#8221;preset3&#8243; box_shadow_vertical=&#8221;5px&#8221; box_shadow_blur=&#8221;24px&#8221; box_shadow_color=&#8221;rgba(91,91,91,0.31)&#8221; global_colors_info=&#8221;{}&#8221;][et_pb_column type=&#8221;4_4&#8243; _builder_version=&#8221;4.16&#8243; global_colors_info=&#8221;{}&#8221;][et_pb_text _builder_version=&#8221;4.27.4&#8243; text_font_size=&#8221;18px&#8221; text_line_height=&#8221;1.8em&#8221; header_5_font=&#8221;||||||||&#8221; header_5_text_color=&#8221;#35aae1&#8243; global_colors_info=&#8221;{}&#8221;]<\/p>\n<p style=\"text-align: justify;\"><em>\u201cL&#8217;estr\u00e8s de la feina em portava de cap. Justificava la meva actitud dient-me que quan ho tingu\u00e9s tot organitzat les coses canviarien, per\u00f2 tot seguia igual. La mentoria va ser decisiva per reestructurar la meva vida, aprendre a posar l\u00edmits als altres i a m\u00ed mateix. La veritat \u00e9s que tamb\u00e9 he comen\u00e7at a cuidar-me perqu\u00e8 dormia molt malament i tenia el cortisol pels n\u00favols&#8221;\u00a0<\/em><\/p>\n<p style=\"text-align: justify;\"><em><\/em><\/p>\n<p style=\"text-align: justify;\">\n<h5 style=\"text-align: justify;\">Francisco S.<\/h5>\n<h6 style=\"text-align: justify;\">54 anys, directiu en empresa privada.\u00a0<\/h6>\n<p>[\/et_pb_text][\/et_pb_column][\/et_pb_row][\/et_pb_section][et_pb_section fb_built=&#8221;1&#8243; admin_label=&#8221;Specialties&#8221; module_class=&#8221;et-show-more-content&#8221; _builder_version=&#8221;4.27.4&#8243; background_enable_image=&#8221;off&#8221; background_position=&#8221;top_left&#8221; custom_margin=&#8221;0px||0px||false|false&#8221; custom_padding=&#8221;0px||0px||false|false&#8221; global_colors_info=&#8221;{}&#8221;][et_pb_row _builder_version=&#8221;4.16&#8243; background_image=&#8221;https:\/\/www.annaestil.es\/wp-content\/uploads\/2020\/07\/therapist-13.jpg&#8221; custom_margin=&#8221;30px||20px||false|false&#8221; custom_padding=&#8221;40px|80px|40px|60px|false|false&#8221; border_radii=&#8221;on|10px|10px|10px|10px&#8221; box_shadow_style=&#8221;preset3&#8243; box_shadow_vertical=&#8221;5px&#8221; box_shadow_blur=&#8221;24px&#8221; box_shadow_color=&#8221;rgba(91,91,91,0.31)&#8221; global_colors_info=&#8221;{}&#8221;][et_pb_column type=&#8221;4_4&#8243; _builder_version=&#8221;4.16&#8243; global_colors_info=&#8221;{}&#8221;][et_pb_text _builder_version=&#8221;4.27.4&#8243; text_font_size=&#8221;18px&#8221; text_line_height=&#8221;1.8em&#8221; header_5_font=&#8221;||||||||&#8221; header_5_text_color=&#8221;#35aae1&#8243; global_colors_info=&#8221;{}&#8221;]<\/p>\n<p style=\"text-align: justify;\"><em>\u201cVaig comen\u00e7ar el programa &#8220;for\u00e7ada&#8221; per la meva fam\u00edlia. Jo era reticent a anar al psic\u00f2leg, no tenia confian\u00e7a en mi mateixa, no em cuidava, tenia pensaments molt negatius i pensava que la ra\u00f3 de la meva vida era trobar una parella que em&#8221;salv\u00e9s&#8221; de la meva situaci\u00f3. Ara que he acabat la mentoria, em sento autosuficient per fer-me c\u00e0rrec de la meva vida, soc molt m\u00e9s optimista i he trobat una feina que em satisf\u00e0, i el m\u00e9s important: he dexiat de procrastinar&#8221;<\/em><\/p>\n<p style=\"text-align: justify;\"><em><\/em><\/p>\n<p style=\"text-align: justify;\"><em><\/em><\/p>\n<h5 style=\"text-align: justify;\">Araceli G.<\/h5>\n<h6 style=\"text-align: justify;\">47 anys, administrativa.<\/h6>\n<p>[\/et_pb_text][\/et_pb_column][\/et_pb_row][\/et_pb_section][et_pb_section fb_built=&#8221;1&#8243; _builder_version=&#8221;4.27.4&#8243; _module_preset=&#8221;default&#8221; custom_margin=&#8221;0px||||false|false&#8221; custom_padding=&#8221;0px||||false|false&#8221; global_colors_info=&#8221;{}&#8221;][et_pb_row _builder_version=&#8221;4.27.4&#8243; _module_preset=&#8221;default&#8221; global_colors_info=&#8221;{}&#8221;][et_pb_column type=&#8221;4_4&#8243; _builder_version=&#8221;4.27.4&#8243; _module_preset=&#8221;default&#8221; global_colors_info=&#8221;{}&#8221;][et_pb_button button_text=&#8221;Veure m\u00e9s testimonis&#8221; button_alignment=&#8221;center&#8221; module_class=&#8221;et-show-more-toggle&#8221; _builder_version=&#8221;4.27.4&#8243; _module_preset=&#8221;default&#8221; custom_button=&#8221;on&#8221; button_border_radius=&#8221;3px&#8221; custom_padding=&#8221;10px|30px|10px|30px|true|true&#8221; global_colors_info=&#8221;{}&#8221;][\/et_pb_button][et_pb_code _builder_version=&#8221;4.27.4&#8243; _module_preset=&#8221;default&#8221; global_colors_info=&#8221;{}&#8221;]<\/p>\n<style type=\"text\/css\"><!-- [et_pb_line_break_holder] -->.et-show-more-content {<!-- [et_pb_line_break_holder] -->  display:none;<!-- [et_pb_line_break_holder] -->}<!-- [et_pb_line_break_holder] -->.et-fb .et-show-more-content {<!-- [et_pb_line_break_holder] -->  display:block;<!-- [et_pb_line_break_holder] -->}<!-- [et_pb_line_break_holder] -->.et-show-more-toggle {<!-- [et_pb_line_break_holder] -->  cursor:pointer;<!-- [et_pb_line_break_holder] -->}<!-- [et_pb_line_break_holder] --><\/style>\n<p><!-- [et_pb_line_break_holder] --><script type=\"text\/javascript\"><!-- [et_pb_line_break_holder] -->(function($) {<!-- [et_pb_line_break_holder] -->    $(document).ready(function(){<!-- [et_pb_line_break_holder] -->        $('.et-show-more-toggle').on('click', function(e) {<!-- [et_pb_line_break_holder] -->            e.preventDefault();<!-- [et_pb_line_break_holder] -->            $('.et-show-more-content').slideToggle(\"300\");<!-- [et_pb_line_break_holder] -->            $(this).toggleClass('et-show-more-toggle_active');<!-- [et_pb_line_break_holder] -->            if ($(this).hasClass('et-show-more-toggle_active')) {<!-- [et_pb_line_break_holder] -->                $(this).text('Veure menys testimonis');<!-- [et_pb_line_break_holder] -->            } else {<!-- [et_pb_line_break_holder] -->                $(this).text('Veure m\u00e9s testimonis');<!-- [et_pb_line_break_holder] -->            }<!-- [et_pb_line_break_holder] -->        });<!-- [et_pb_line_break_holder] -->    });<!-- [et_pb_line_break_holder] -->})(jQuery);<!-- [et_pb_line_break_holder] --><\/script>[\/et_pb_code][\/et_pb_column][\/et_pb_row][\/et_pb_section][et_pb_section fb_built=&#8221;1&#8243; _builder_version=&#8221;4.16&#8243; custom_padding=&#8221;5px||4px|||&#8221; global_colors_info=&#8221;{}&#8221;][et_pb_row _builder_version=&#8221;4.16&#8243; global_colors_info=&#8221;{}&#8221;][et_pb_column type=&#8221;4_4&#8243; _builder_version=&#8221;4.16&#8243; global_colors_info=&#8221;{}&#8221;][et_pb_text module_class=&#8221;check_bullets&#8221; _builder_version=&#8221;4.27.4&#8243; custom_padding=&#8221;7px|||||&#8221; animation_style=&#8221;slide&#8221; global_colors_info=&#8221;{}&#8221;]<\/p>\n<h3 style=\"text-align: center;\"><span style=\"text-decoration: underline;\">Com \u00e9s la meva mentoria<\/span><\/h3>\n<p style=\"text-align: center;\">T&#8217;acompanyo de manera personalitzada durant 3 mesos amb sessions setmanals, presencials o en l\u00ednia.<\/p>\n<p style=\"text-align: center;\">Treballarem amb el meu m\u00e8tode ACARS, que combina el mentoring, el coaching, la PNL, la nutrici\u00f3 integrativa i eines pr\u00e0ctiques que t&#8217;ajuden a cr\u00e9ixer com a persona.<\/p>\n<p style=\"text-align: center;\">\u00c9s un programa adaptat a tu, a les teves necessitats reals i a les teves circumst\u00e0ncies particulars.<\/p>\n<p style=\"text-align: center;\">Treballarem plegtats\/des TU I JO, perqu\u00e8 tu tinguis resultats. .<\/p>\n<p style=\"text-align: center;\">Podr\u00e0s tenir acc\u00e9s al meu WhatsApp personal de manera continuada.<\/p>\n<p style=\"text-align: center;\">\n<p style=\"text-align: center;\"><strong>Demana una sessi\u00f3 gratu\u00efta en el seg\u00fcent bot\u00f3.\u00a0<\/strong><\/p>\n<p>[\/et_pb_text][\/et_pb_column][\/et_pb_row][\/et_pb_section][et_pb_section fb_built=&#8221;1&#8243; _builder_version=&#8221;4.27.4&#8243; _module_preset=&#8221;default&#8221; global_colors_info=&#8221;{}&#8221;][et_pb_row _builder_version=&#8221;4.27.4&#8243; _module_preset=&#8221;default&#8221; global_colors_info=&#8221;{}&#8221;][et_pb_column type=&#8221;4_4&#8243; _builder_version=&#8221;4.27.4&#8243; _module_preset=&#8221;default&#8221; global_colors_info=&#8221;{}&#8221;][et_pb_button button_url=&#8221;https:\/\/wa.me\/+34617591804&#8243; url_new_window=&#8221;on&#8221; button_text=&#8221;Demana la teva primera sessi\u00f3 gratu\u00efta&#8221; button_alignment=&#8221;center&#8221; _builder_version=&#8221;4.27.5&#8243; custom_button=&#8221;on&#8221; button_text_color=&#8221;#ffffff&#8221; button_bg_color=&#8221;#7f8dff&#8221; button_border_color=&#8221;rgba(0,0,0,0)&#8221; button_border_radius=&#8221;100px&#8221; button_font=&#8221;Montserrat|||on|||||&#8221; vertical_offset_tablet=&#8221;0&#8243; horizontal_offset_tablet=&#8221;0&#8243; custom_margin=&#8221;||-60px|&#8221; custom_padding=&#8221;16px|30px|16px|30px|true|true&#8221; z_index_tablet=&#8221;0&#8243; button_text_shadow_horizontal_length_tablet=&#8221;0px&#8221; button_text_shadow_vertical_length_tablet=&#8221;0px&#8221; button_text_shadow_blur_strength_tablet=&#8221;1px&#8221; box_shadow_style=&#8221;preset3&#8243; box_shadow_color=&#8221;rgba(127,141,255,0.4)&#8221; button_letter_spacing_hover=&#8221;2px&#8221; locked=&#8221;off&#8221; global_colors_info=&#8221;{}&#8221; button_text_size__hover_enabled=&#8221;off&#8221; button_one_text_size__hover_enabled=&#8221;off&#8221; button_two_text_size__hover_enabled=&#8221;off&#8221; button_text_color__hover_enabled=&#8221;off&#8221; button_one_text_color__hover_enabled=&#8221;off&#8221; button_two_text_color__hover_enabled=&#8221;off&#8221; button_border_width__hover_enabled=&#8221;off&#8221; button_one_border_width__hover_enabled=&#8221;off&#8221; button_two_border_width__hover_enabled=&#8221;off&#8221; button_border_color__hover_enabled=&#8221;off&#8221; button_one_border_color__hover_enabled=&#8221;off&#8221; button_two_border_color__hover_enabled=&#8221;off&#8221; button_border_radius__hover_enabled=&#8221;off&#8221; button_one_border_radius__hover_enabled=&#8221;off&#8221; button_two_border_radius__hover_enabled=&#8221;off&#8221; button_letter_spacing__hover_enabled=&#8221;on&#8221; button_letter_spacing__hover=&#8221;2px&#8221; button_one_letter_spacing__hover_enabled=&#8221;off&#8221; button_two_letter_spacing__hover_enabled=&#8221;off&#8221; button_bg_color__hover_enabled=&#8221;off&#8221; button_one_bg_color__hover_enabled=&#8221;off&#8221; button_two_bg_color__hover_enabled=&#8221;off&#8221;][\/et_pb_button][\/et_pb_column][\/et_pb_row][\/et_pb_section][et_pb_section fb_built=&#8221;1&#8243; admin_label=&#8221;Footer&#8221; module_id=&#8221;contact&#8221; _builder_version=&#8221;4.16&#8243; saved_tabs=&#8221;all&#8221; global_colors_info=&#8221;{}&#8221; global_module=&#8221;12036&#8243; theme_builder_area=&#8221;post_content&#8221;][et_pb_row _builder_version=&#8221;4.16&#8243; global_colors_info=&#8221;{}&#8221; theme_builder_area=&#8221;post_content&#8221;][et_pb_column type=&#8221;4_4&#8243; _builder_version=&#8221;4.16&#8243; global_colors_info=&#8221;{}&#8221; theme_builder_area=&#8221;post_content&#8221;][\/et_pb_column][\/et_pb_row][et_pb_row _builder_version=&#8221;4.16&#8243; locked=&#8221;off&#8221; global_colors_info=&#8221;{}&#8221; theme_builder_area=&#8221;post_content&#8221;][et_pb_column type=&#8221;4_4&#8243; _builder_version=&#8221;4.16&#8243; custom_padding=&#8221;|||&#8221; global_colors_info=&#8221;{}&#8221; custom_padding__hover=&#8221;|||&#8221; theme_builder_area=&#8221;post_content&#8221;][et_pb_text _builder_version=&#8221;4.16&#8243; text_font=&#8221;||||||||&#8221; text_line_height=&#8221;2em&#8221; header_font=&#8221;||||||||&#8221; header_2_font=&#8221;Montserrat||||||||&#8221; header_2_font_size=&#8221;40px&#8221; header_2_line_height=&#8221;1.4em&#8221; header_5_font=&#8221;||||||||&#8221; header_5_text_color=&#8221;#7f8dff&#8221; header_5_line_height=&#8221;2em&#8221; text_orientation=&#8221;center&#8221; max_width=&#8221;700px&#8221; module_alignment=&#8221;center&#8221; header_2_font_size_tablet=&#8221;&#8221; header_2_font_size_phone=&#8221;30px&#8221; header_2_font_size_last_edited=&#8221;on|phone&#8221; locked=&#8221;off&#8221; global_colors_info=&#8221;{}&#8221; theme_builder_area=&#8221;post_content&#8221;]<\/p>\n<h2>Contacta amb mi<\/h2>\n<p>\u00a0Per qualsevol consulta no dubtis en posar-te en contacte amb mi per <br \/>Whatsapp, Tel\u00e8fon o Correu electr\u00f2nic.<\/p>\n<p><strong>Estar\u00e9 encantada que em contactis i d\u2019acompanyar-te en tot el proc\u00e9s.<\/strong><\/p>\n<p>[\/et_pb_text][\/et_pb_column][\/et_pb_row][et_pb_row column_structure=&#8221;1_2,1_2&#8243; _builder_version=&#8221;4.16&#8243; global_colors_info=&#8221;{}&#8221; theme_builder_area=&#8221;post_content&#8221;][et_pb_column type=&#8221;1_2&#8243; _builder_version=&#8221;4.16&#8243; custom_padding=&#8221;|||&#8221; global_colors_info=&#8221;{}&#8221; custom_padding__hover=&#8221;|||&#8221; theme_builder_area=&#8221;post_content&#8221;][et_pb_blurb title=&#8221;+34 617 591 804&#8243; image=&#8221;https:\/\/www.annaestil.es\/wp-content\/uploads\/\/2020\/08\/icons8-whatsapp.svg&#8221; content_max_width=&#8221;1100px&#8221; _builder_version=&#8221;4.27.6&#8243; header_font=&#8221;Montserrat||||||||&#8221; header_font_size=&#8221;16px&#8221; header_line_height=&#8221;1.4em&#8221; text_orientation=&#8221;center&#8221; animation_style=&#8221;slide&#8221; animation_direction=&#8221;right&#8221; animation=&#8221;off&#8221; link_option_url=&#8221;https:\/\/wa.me\/+34617591804&#8243; link_option_url_new_window=&#8221;on&#8221; locked=&#8221;off&#8221; global_colors_info=&#8221;{}&#8221; theme_builder_area=&#8221;post_content&#8221;][\/et_pb_blurb][\/et_pb_column][et_pb_column type=&#8221;1_2&#8243; _builder_version=&#8221;4.16&#8243; global_colors_info=&#8221;{}&#8221; theme_builder_area=&#8221;post_content&#8221;][et_pb_blurb title=&#8221;infocoach@annaestil.es&#8221; use_icon=&#8221;on&#8221; font_icon=&#8221;&#xe076;||divi||400&#8243; icon_color=&#8221;#7f8dff&#8221; image_icon_width=&#8221;60px&#8221; content_max_width=&#8221;1100px&#8221; _builder_version=&#8221;4.27.6&#8243; header_font=&#8221;Montserrat||||||||&#8221; header_font_size=&#8221;16px&#8221; header_line_height=&#8221;1.4em&#8221; text_orientation=&#8221;center&#8221; animation_style=&#8221;slide&#8221; animation_direction=&#8221;right&#8221; animation_delay=&#8221;800ms&#8221; animation=&#8221;off&#8221; link_option_url=&#8221;mailto:infocoach@annaestil.es&#8221; link_option_url_new_window=&#8221;on&#8221; icon_font_size=&#8221;24px&#8221; locked=&#8221;off&#8221; global_colors_info=&#8221;{}&#8221; theme_builder_area=&#8221;post_content&#8221;][\/et_pb_blurb][\/et_pb_column][\/et_pb_row][\/et_pb_section]<\/p>\n","protected":false},"excerpt":{"rendered":"<p>\u00a0Programa personalitzat &#8220;Posa ordre a la teva vida&#8221;\u00a0 &nbsp; Totes les persones que han aconseguit l&#8217;\u00e8xit, tenen un mentor\/a que les acompanya en el cam\u00ed. Aix\u00f2 \u00e9s per a tu si: Et sents aclaparat\/da per la falta d&#8217;organitzaci\u00f3 i claredat en el teu dia a dia.\u00a0Vols optimitzar el teu potencial i equilibrar les teves responsabilitats [&hellip;]<\/p>\n","protected":false},"author":1,"featured_media":0,"parent":0,"menu_order":0,"comment_status":"closed","ping_status":"closed","template":"","meta":{"_et_pb_use_builder":"on","_et_pb_old_content":"","_et_gb_content_width":"","inline_featured_image":false,"_joinchat":[],"footnotes":""},"class_list":["post-490","page","type-page","status-publish","hentry"],"yoast_head":"<!-- This site is optimized with the Yoast SEO plugin v27.5 - https:\/\/yoast.com\/product\/yoast-seo-wordpress\/ -->\n<title>Coaching individual \u2013 \u201cJo controlo la meva vida\u201d | Anna Estil\u00b7els<\/title>\n<meta name=\"description\" content=\"Si necessites avan\u00e7ar, el meu coaching individual t&#039;acompanya amb un pla personalitzat, metodologia ACARS. Reserva la teva sessi\u00f3 gratu\u00efta.\" \/>\n<meta name=\"robots\" content=\"index, follow, max-snippet:-1, max-image-preview:large, max-video-preview:-1\" \/>\n<link rel=\"canonical\" href=\"https:\/\/www.annaestil.es\/ca\/coaching-individual\/\" \/>\n<meta property=\"og:locale\" content=\"ca_ES\" \/>\n<meta property=\"og:type\" content=\"article\" \/>\n<meta property=\"og:title\" content=\"Coaching individual \u2013 \u201cJo controlo la meva vida\u201d | Anna Estil\u00b7els\" \/>\n<meta property=\"og:description\" content=\"Si necessites avan\u00e7ar, el meu coaching individual t&#039;acompanya amb un pla personalitzat, metodologia ACARS. Reserva la teva sessi\u00f3 gratu\u00efta.\" \/>\n<meta property=\"og:url\" content=\"https:\/\/www.annaestil.es\/ca\/coaching-individual\/\" \/>\n<meta property=\"og:site_name\" content=\"Anna Esil\u00b7les\" \/>\n<meta property=\"article:modified_time\" content=\"2026-03-16T18:51:55+00:00\" \/>\n<meta name=\"twitter:card\" content=\"summary_large_image\" \/>\n<meta name=\"twitter:label1\" content=\"Temps estimat de lectura\" \/>\n\t<meta name=\"twitter:data1\" content=\"3 minuts\" \/>\n<script type=\"application\/ld+json\" class=\"yoast-schema-graph\">{\"@context\":\"https:\\\/\\\/schema.org\",\"@graph\":[{\"@type\":\"WebPage\",\"@id\":\"https:\\\/\\\/www.annaestil.es\\\/ca\\\/coaching-individual\\\/\",\"url\":\"https:\\\/\\\/www.annaestil.es\\\/ca\\\/coaching-individual\\\/\",\"name\":\"Coaching individual \u2013 \u201cJo controlo la meva vida\u201d | Anna Estil\u00b7els\",\"isPartOf\":{\"@id\":\"https:\\\/\\\/www.annaestil.es\\\/ca\\\/#website\"},\"datePublished\":\"2020-08-13T17:18:10+00:00\",\"dateModified\":\"2026-03-16T18:51:55+00:00\",\"description\":\"Si necessites avan\u00e7ar, el meu coaching individual t'acompanya amb un pla personalitzat, metodologia ACARS. Reserva la teva sessi\u00f3 gratu\u00efta.\",\"breadcrumb\":{\"@id\":\"https:\\\/\\\/www.annaestil.es\\\/ca\\\/coaching-individual\\\/#breadcrumb\"},\"inLanguage\":\"ca\",\"potentialAction\":[{\"@type\":\"ReadAction\",\"target\":[\"https:\\\/\\\/www.annaestil.es\\\/ca\\\/coaching-individual\\\/\"]}]},{\"@type\":\"BreadcrumbList\",\"@id\":\"https:\\\/\\\/www.annaestil.es\\\/ca\\\/coaching-individual\\\/#breadcrumb\",\"itemListElement\":[{\"@type\":\"ListItem\",\"position\":1,\"name\":\"Portada\",\"item\":\"https:\\\/\\\/www.annaestil.es\\\/ca\\\/\"},{\"@type\":\"ListItem\",\"position\":2,\"name\":\"Coaching Individual\"}]},{\"@type\":\"WebSite\",\"@id\":\"https:\\\/\\\/www.annaestil.es\\\/ca\\\/#website\",\"url\":\"https:\\\/\\\/www.annaestil.es\\\/ca\\\/\",\"name\":\"Anna Esil\u00b7les\",\"description\":\"Coach de Bienestar Familiar y Personal\",\"potentialAction\":[{\"@type\":\"SearchAction\",\"target\":{\"@type\":\"EntryPoint\",\"urlTemplate\":\"https:\\\/\\\/www.annaestil.es\\\/ca\\\/?s={search_term_string}\"},\"query-input\":{\"@type\":\"PropertyValueSpecification\",\"valueRequired\":true,\"valueName\":\"search_term_string\"}}],\"inLanguage\":\"ca\"}]}<\/script>\n<!-- \/ Yoast SEO plugin. -->","yoast_head_json":{"title":"Coaching individual \u2013 \u201cJo controlo la meva vida\u201d | Anna Estil\u00b7els","description":"Si necessites avan\u00e7ar, el meu coaching individual t'acompanya amb un pla personalitzat, metodologia ACARS. Reserva la teva sessi\u00f3 gratu\u00efta.","robots":{"index":"index","follow":"follow","max-snippet":"max-snippet:-1","max-image-preview":"max-image-preview:large","max-video-preview":"max-video-preview:-1"},"canonical":"https:\/\/www.annaestil.es\/ca\/coaching-individual\/","og_locale":"ca_ES","og_type":"article","og_title":"Coaching individual \u2013 \u201cJo controlo la meva vida\u201d | Anna Estil\u00b7els","og_description":"Si necessites avan\u00e7ar, el meu coaching individual t'acompanya amb un pla personalitzat, metodologia ACARS. Reserva la teva sessi\u00f3 gratu\u00efta.","og_url":"https:\/\/www.annaestil.es\/ca\/coaching-individual\/","og_site_name":"Anna Esil\u00b7les","article_modified_time":"2026-03-16T18:51:55+00:00","twitter_card":"summary_large_image","twitter_misc":{"Temps estimat de lectura":"3 minuts"},"schema":{"@context":"https:\/\/schema.org","@graph":[{"@type":"WebPage","@id":"https:\/\/www.annaestil.es\/ca\/coaching-individual\/","url":"https:\/\/www.annaestil.es\/ca\/coaching-individual\/","name":"Coaching individual \u2013 \u201cJo controlo la meva vida\u201d | Anna Estil\u00b7els","isPartOf":{"@id":"https:\/\/www.annaestil.es\/ca\/#website"},"datePublished":"2020-08-13T17:18:10+00:00","dateModified":"2026-03-16T18:51:55+00:00","description":"Si necessites avan\u00e7ar, el meu coaching individual t'acompanya amb un pla personalitzat, metodologia ACARS. Reserva la teva sessi\u00f3 gratu\u00efta.","breadcrumb":{"@id":"https:\/\/www.annaestil.es\/ca\/coaching-individual\/#breadcrumb"},"inLanguage":"ca","potentialAction":[{"@type":"ReadAction","target":["https:\/\/www.annaestil.es\/ca\/coaching-individual\/"]}]},{"@type":"BreadcrumbList","@id":"https:\/\/www.annaestil.es\/ca\/coaching-individual\/#breadcrumb","itemListElement":[{"@type":"ListItem","position":1,"name":"Portada","item":"https:\/\/www.annaestil.es\/ca\/"},{"@type":"ListItem","position":2,"name":"Coaching Individual"}]},{"@type":"WebSite","@id":"https:\/\/www.annaestil.es\/ca\/#website","url":"https:\/\/www.annaestil.es\/ca\/","name":"Anna Esil\u00b7les","description":"Coach de Bienestar Familiar y Personal","potentialAction":[{"@type":"SearchAction","target":{"@type":"EntryPoint","urlTemplate":"https:\/\/www.annaestil.es\/ca\/?s={search_term_string}"},"query-input":{"@type":"PropertyValueSpecification","valueRequired":true,"valueName":"search_term_string"}}],"inLanguage":"ca"}]}},"_links":{"self":[{"href":"https:\/\/www.annaestil.es\/ca\/wp-json\/wp\/v2\/pages\/490","targetHints":{"allow":["GET"]}}],"collection":[{"href":"https:\/\/www.annaestil.es\/ca\/wp-json\/wp\/v2\/pages"}],"about":[{"href":"https:\/\/www.annaestil.es\/ca\/wp-json\/wp\/v2\/types\/page"}],"author":[{"embeddable":true,"href":"https:\/\/www.annaestil.es\/ca\/wp-json\/wp\/v2\/users\/1"}],"replies":[{"embeddable":true,"href":"https:\/\/www.annaestil.es\/ca\/wp-json\/wp\/v2\/comments?post=490"}],"version-history":[{"count":25,"href":"https:\/\/www.annaestil.es\/ca\/wp-json\/wp\/v2\/pages\/490\/revisions"}],"predecessor-version":[{"id":12044,"href":"https:\/\/www.annaestil.es\/ca\/wp-json\/wp\/v2\/pages\/490\/revisions\/12044"}],"wp:attachment":[{"href":"https:\/\/www.annaestil.es\/ca\/wp-json\/wp\/v2\/media?parent=490"}],"curies":[{"name":"wp","href":"https:\/\/api.w.org\/{rel}","templated":true}]}}