{"id":493,"date":"2020-08-13T17:25:18","date_gmt":"2020-08-13T17:25:18","guid":{"rendered":"https:\/\/www.annaestil.es\/tallers-personalitzats\/"},"modified":"2026-03-16T18:51:10","modified_gmt":"2026-03-16T18:51:10","slug":"tallers-personalitzats","status":"publish","type":"page","link":"https:\/\/www.annaestil.es\/ca\/tallers-personalitzats\/","title":{"rendered":"Tallers personalitzats"},"content":{"rendered":"<p>[et_pb_section fb_built=&#8221;1&#8243; _builder_version=&#8221;4.16&#8243; use_background_color_gradient=&#8221;on&#8221; background_color_gradient_stops=&#8221;rgba(255,255,255,0.8) 0%|#ffffff 100%&#8221; background_color_gradient_overlays_image=&#8221;on&#8221; background_color_gradient_start=&#8221;rgba(255,255,255,0.8)&#8221; background_color_gradient_end=&#8221;#ffffff&#8221; background_image=&#8221;https:\/\/www.annaestil.es\/wp-content\/uploads\/2020\/07\/therapist-02.png&#8221; custom_margin=&#8221;||||false&#8221; custom_padding=&#8221;0vw||2vw||false|false&#8221; global_colors_info=&#8221;{}&#8221;][et_pb_row _builder_version=&#8221;4.16&#8243; width=&#8221;94%&#8221; max_width=&#8221;100%&#8221; custom_margin=&#8221;||0px||false|false&#8221; custom_padding=&#8221;||0px||false|false&#8221; global_colors_info=&#8221;{}&#8221;][et_pb_column type=&#8221;4_4&#8243; _builder_version=&#8221;4.16&#8243; global_colors_info=&#8221;{}&#8221;][\/et_pb_column][\/et_pb_row][et_pb_row _builder_version=&#8221;4.16&#8243; custom_margin=&#8221;-60px||||false|false&#8221; custom_padding=&#8221;0px||||false|false&#8221; animation_style=&#8221;fade&#8221; global_colors_info=&#8221;{}&#8221;][et_pb_column type=&#8221;4_4&#8243; _builder_version=&#8221;4.16&#8243; custom_padding=&#8221;0px||||false|false&#8221; global_colors_info=&#8221;{}&#8221; custom_padding__hover=&#8221;|||&#8221;][et_pb_text _builder_version=&#8221;4.27.4&#8243; text_font=&#8221;||||||||&#8221; text_font_size=&#8221;18px&#8221; text_line_height=&#8221;2em&#8221; header_font=&#8221;Montserrat||||||||&#8221; header_font_size=&#8221;50px&#8221; header_line_height=&#8221;1.4em&#8221; text_orientation=&#8221;center&#8221; max_width=&#8221;900px&#8221; module_alignment=&#8221;center&#8221; animation_style=&#8221;slide&#8221; animation_direction=&#8221;top&#8221; header_font_size_tablet=&#8221;40px&#8221; header_font_size_phone=&#8221;32px&#8221; header_font_size_last_edited=&#8221;on|desktop&#8221; global_colors_info=&#8221;{}&#8221;]<\/p>\n<h2 style=\"font-size: 45px;\"><strong>Programa personalitzat<\/strong><\/h2>\n<h2 style=\"font-size: 45px;\"><strong> &#8220;Reconstrueix-te: sana la teva relaci\u00f3 amb el menjar i torna a ser feli\u00e7&#8221;<\/strong><\/h2>\n<h2 style=\"font-size: 45px;\"><\/h2>\n<h2 style=\"font-size: 45px;\"><\/h2>\n<h2 style=\"font-size: 45px;\">Sentir-te acompanyada durant el proc\u00e9s, millora els teus resultats.\u00a0<\/h2>\n<h2><\/h2>\n<h2><\/h2>\n<h2><\/h2>\n<h2><\/h2>\n<h2><\/h2>\n<h2><\/h2>\n<h2><span style=\"text-decoration: underline;\">Aix\u00f2 \u00e9s per tu si<\/span>:<\/h2>\n<p>Menges sense gana des de la ruptura, i despr\u00e9s et sents culpable o fora de control.\u00a0<br \/>Saps qu\u00e8 hauries de menjar, per\u00f2 no tens una bona relaci\u00f3 amb el menjar.\u00a0<br \/>Sents que el menjar s&#8217;ha convertir en la teva manera d&#8217;alleujar la soledat, el cansament o la tristesa.\u00a0<\/p>\n<p>[\/et_pb_text][et_pb_text _builder_version=&#8221;4.27.4&#8243; text_font=&#8221;|300|on||||||&#8221; text_font_size=&#8221;20px&#8221; text_letter_spacing=&#8221;1px&#8221; text_line_height=&#8221;1.4em&#8221; custom_padding=&#8221;7px|||||&#8221; animation_style=&#8221;fade&#8221; global_colors_info=&#8221;{}&#8221;]<\/p>\n<p style=\"text-align: center;\"><strong>El final d&#8217;una relaci\u00f3 no \u00e9s el final de la teva hist\u00f2ria. Aplacar les teves emocions amb el menjar pot ser causa de problemes importants com els trastorns alimentaris.\u00a0<\/strong><\/p>\n<p style=\"text-align: center;\"><strong>Tu ets capa\u00e7 de sortir-te&#8217;n: jo t&#8217;acompanyo en el proc\u00e9s.\u00a0<\/strong><\/p>\n<p>[\/et_pb_text][\/et_pb_column][\/et_pb_row][et_pb_row _builder_version=&#8221;4.27.4&#8243; _module_preset=&#8221;default&#8221; global_colors_info=&#8221;{}&#8221;][et_pb_column type=&#8221;4_4&#8243; _builder_version=&#8221;4.27.4&#8243; _module_preset=&#8221;default&#8221; global_colors_info=&#8221;{}&#8221;][et_pb_button button_url=&#8221;https:\/\/wa.me\/+34617591804&#8243; url_new_window=&#8221;on&#8221; button_text=&#8221;Reserva la teva sessi\u00f3 gratu\u00efta&#8221; button_alignment=&#8221;center&#8221; _builder_version=&#8221;4.27.5&#8243; custom_button=&#8221;on&#8221; button_text_color=&#8221;#ffffff&#8221; button_bg_color=&#8221;#7f8dff&#8221; button_border_color=&#8221;rgba(0,0,0,0)&#8221; button_border_radius=&#8221;100px&#8221; button_font=&#8221;Montserrat|||on|||||&#8221; vertical_offset_tablet=&#8221;0&#8243; horizontal_offset_tablet=&#8221;0&#8243; custom_margin=&#8221;||-60px|&#8221; custom_padding=&#8221;16px|30px|16px|30px|true|true&#8221; z_index_tablet=&#8221;0&#8243; button_text_shadow_horizontal_length_tablet=&#8221;0px&#8221; button_text_shadow_vertical_length_tablet=&#8221;0px&#8221; button_text_shadow_blur_strength_tablet=&#8221;1px&#8221; box_shadow_style=&#8221;preset3&#8243; box_shadow_color=&#8221;rgba(127,141,255,0.4)&#8221; button_letter_spacing_hover=&#8221;2px&#8221; locked=&#8221;off&#8221; global_colors_info=&#8221;{}&#8221; button_text_size__hover_enabled=&#8221;off&#8221; button_one_text_size__hover_enabled=&#8221;off&#8221; button_two_text_size__hover_enabled=&#8221;off&#8221; button_text_color__hover_enabled=&#8221;off&#8221; button_one_text_color__hover_enabled=&#8221;off&#8221; button_two_text_color__hover_enabled=&#8221;off&#8221; button_border_width__hover_enabled=&#8221;off&#8221; button_one_border_width__hover_enabled=&#8221;off&#8221; button_two_border_width__hover_enabled=&#8221;off&#8221; button_border_color__hover_enabled=&#8221;off&#8221; button_one_border_color__hover_enabled=&#8221;off&#8221; button_two_border_color__hover_enabled=&#8221;off&#8221; button_border_radius__hover_enabled=&#8221;off&#8221; button_one_border_radius__hover_enabled=&#8221;off&#8221; button_two_border_radius__hover_enabled=&#8221;off&#8221; button_letter_spacing__hover_enabled=&#8221;on&#8221; button_letter_spacing__hover=&#8221;2px&#8221; button_one_letter_spacing__hover_enabled=&#8221;off&#8221; button_two_letter_spacing__hover_enabled=&#8221;off&#8221; button_bg_color__hover_enabled=&#8221;off&#8221; button_one_bg_color__hover_enabled=&#8221;off&#8221; button_two_bg_color__hover_enabled=&#8221;off&#8221;][\/et_pb_button][\/et_pb_column][\/et_pb_row][\/et_pb_section][et_pb_section fb_built=&#8221;1&#8243; admin_label=&#8221;Features&#8221; _builder_version=&#8221;4.16&#8243; custom_margin=&#8221;||||false&#8221; custom_padding=&#8221;0px||0px||true&#8221; top_divider_style=&#8221;curve&#8221; top_divider_color=&#8221;#ffffff&#8221; top_divider_height=&#8221;2.5vw&#8221; top_divider_arrangement=&#8221;above_content&#8221; global_colors_info=&#8221;{}&#8221;][et_pb_row column_structure=&#8221;1_4,1_4,1_4,1_4&#8243; use_custom_gutter=&#8221;on&#8221; gutter_width=&#8221;1&#8243; make_equal=&#8221;on&#8221; padding_top_bottom_link_1=&#8221;true&#8221; padding_top_bottom_link_2=&#8221;true&#8221; padding_top_bottom_link_3=&#8221;true&#8221; padding_left_right_link_1=&#8221;true&#8221; padding_left_right_link_2=&#8221;true&#8221; padding_left_right_link_3=&#8221;true&#8221; module_id=&#8221;coaching-individual-images&#8221; module_class=&#8221; et_pb_row_fullwidth&#8221; _builder_version=&#8221;4.27.5&#8243; width=&#8221;100%&#8221; width_tablet=&#8221;100%&#8221; width_phone=&#8221;&#8221; width_last_edited=&#8221;on|desktop&#8221; max_width=&#8221;100%&#8221; max_width_tablet=&#8221;100%&#8221; max_width_phone=&#8221;&#8221; max_width_last_edited=&#8221;on|desktop&#8221; min_height=&#8221;600px&#8221; custom_padding=&#8221;0|0px|0px|0px|false|false&#8221; make_fullwidth=&#8221;on&#8221; global_colors_info=&#8221;{}&#8221;][et_pb_column type=&#8221;1_4&#8243; module_class=&#8221;goodboy&#8221; _builder_version=&#8221;4.27.5&#8243; background_enable_color=&#8221;off&#8221; background_image=&#8221;https:\/\/www.annaestil.es\/wp-content\/uploads\/2026\/02\/respiracion-scaled.jpg&#8221; custom_padding=&#8221;80px|0px|80px|8%|false|false&#8221; custom_padding_tablet=&#8221;|10%||10%||true&#8221; custom_padding_phone=&#8221;&#8221; custom_padding_last_edited=&#8221;on|tablet&#8221; animation_direction=&#8221;right&#8221; global_colors_info=&#8221;{}&#8221; padding_tablet=&#8221;|10%||10%||true&#8221; padding_last_edited=&#8221;on|tablet&#8221; custom_padding__hover=&#8221;|||&#8221; padding_phone=&#8221;|10%||10%||true&#8221;][et_pb_text _builder_version=&#8221;4.27.4&#8243; text_font=&#8221;|700||on|||||&#8221; text_text_color=&#8221;#ffffff&#8221; text_font_size=&#8221;40px&#8221; text_letter_spacing=&#8221;1px&#8221; text_orientation=&#8221;right&#8221; background_layout=&#8221;dark&#8221; custom_margin=&#8221;180px||||false|false&#8221; text_text_shadow_style=&#8221;preset3&#8243; global_colors_info=&#8221;{}&#8221;]<\/p>\n<p>RENEIX AMB\u00a0<\/p>\n<p>[\/et_pb_text][\/et_pb_column][et_pb_column type=&#8221;1_4&#8243; module_class=&#8221;badboy&#8221; _builder_version=&#8221;4.27.5&#8243; background_enable_color=&#8221;off&#8221; background_image=&#8221;https:\/\/www.annaestil.es\/wp-content\/uploads\/2026\/02\/gula.jpg&#8221; custom_padding=&#8221;80px|0px|80px||false|false&#8221; custom_padding_tablet=&#8221;|10%||10%||true&#8221; custom_padding_phone=&#8221;&#8221; custom_padding_last_edited=&#8221;on|tablet&#8221; animation_style=&#8221;slide&#8221; animation_direction=&#8221;left&#8221; global_colors_info=&#8221;{}&#8221; padding_tablet=&#8221;|10%||10%||true&#8221; padding_last_edited=&#8221;on|tablet&#8221; custom_padding__hover=&#8221;|||&#8221; padding_phone=&#8221;|10%||10%||true&#8221;][et_pb_text _builder_version=&#8221;4.27.4&#8243; text_font=&#8221;|700||on|||||&#8221; text_text_color=&#8221;#ffffff&#8221; text_font_size=&#8221;40px&#8221; text_letter_spacing=&#8221;1px&#8221; text_orientation=&#8221;right&#8221; background_layout=&#8221;dark&#8221; custom_margin=&#8221;180px||||false|false&#8221; text_text_shadow_style=&#8221;preset3&#8243; global_colors_info=&#8221;{}&#8221;]<\/p>\n<p><span>LA TEVA VIDA\u00a0<\/span><\/p>\n<p>[\/et_pb_text][\/et_pb_column][et_pb_column type=&#8221;1_4&#8243; module_class=&#8221;badgirl&#8221; _builder_version=&#8221;4.27.5&#8243; background_enable_color=&#8221;off&#8221; background_image=&#8221;https:\/\/www.annaestil.es\/wp-content\/uploads\/2025\/07\/2-scaled.jpg&#8221; custom_padding=&#8221;80px|8%|80px|0px|false|false&#8221; custom_padding_tablet=&#8221;|10%||10%||true&#8221; custom_padding_phone=&#8221;&#8221; custom_padding_last_edited=&#8221;on|tablet&#8221; animation_style=&#8221;slide&#8221; animation_direction=&#8221;right&#8221; global_colors_info=&#8221;{}&#8221; padding_tablet=&#8221;|10%||10%||true&#8221; padding_last_edited=&#8221;on|tablet&#8221; custom_padding__hover=&#8221;|||&#8221; padding_phone=&#8221;|10%||10%||true&#8221;][et_pb_text _builder_version=&#8221;4.27.4&#8243; text_font=&#8221;|700||on|||||&#8221; text_text_color=&#8221;#ffffff&#8221; text_font_size=&#8221;40px&#8221; text_letter_spacing=&#8221;1px&#8221; background_layout=&#8221;dark&#8221; custom_margin=&#8221;180px||||false|false&#8221; text_text_shadow_style=&#8221;preset3&#8243; global_colors_info=&#8221;{}&#8221;]<\/p>\n<p>\u00a0S&#8217;ENFONSA<\/p>\n<p>[\/et_pb_text][\/et_pb_column][et_pb_column type=&#8221;1_4&#8243; module_class=&#8221;goodgirl&#8221; _builder_version=&#8221;4.27.5&#8243; background_enable_color=&#8221;off&#8221; background_image=&#8221;https:\/\/www.annaestil.es\/wp-content\/uploads\/2025\/07\/4-scaled.jpg&#8221; custom_padding=&#8221;80px|8%|80px|0px|false|false&#8221; custom_padding_tablet=&#8221;|10%||10%||true&#8221; custom_padding_phone=&#8221;&#8221; custom_padding_last_edited=&#8221;on|tablet&#8221; animation_direction=&#8221;right&#8221; global_colors_info=&#8221;{}&#8221; padding_tablet=&#8221;|10%||10%||true&#8221; padding_last_edited=&#8221;on|tablet&#8221; custom_padding__hover=&#8221;|||&#8221; padding_phone=&#8221;|10%||10%||true&#8221;][et_pb_text _builder_version=&#8221;4.27.4&#8243; text_font=&#8221;|700||on|||||&#8221; text_text_color=&#8221;#ffffff&#8221; text_font_size=&#8221;40px&#8221; text_letter_spacing=&#8221;1px&#8221; background_layout=&#8221;dark&#8221; custom_margin=&#8221;180px||||false|false&#8221; text_text_shadow_style=&#8221;preset3&#8243; global_colors_info=&#8221;{}&#8221;]<\/p>\n<p>\u00a0M\u00c9S FOR\u00c7A<\/p>\n<p>[\/et_pb_text][\/et_pb_column][\/et_pb_row][\/et_pb_section][et_pb_section fb_built=&#8221;1&#8243; _builder_version=&#8221;4.16&#8243; custom_padding=&#8221;||30px|||&#8221; global_colors_info=&#8221;{}&#8221;][et_pb_row _builder_version=&#8221;4.16&#8243; global_colors_info=&#8221;{}&#8221;][et_pb_column type=&#8221;4_4&#8243; _builder_version=&#8221;4.16&#8243; global_colors_info=&#8221;{}&#8221;][et_pb_text module_class=&#8221;check_bullets&#8221; _builder_version=&#8221;4.27.4&#8243; animation_style=&#8221;slide&#8221; global_colors_info=&#8221;{}&#8221;]<\/p>\n<h3 style=\"text-align: center;\"><span style=\"text-decoration: underline;\">Qu\u00e8 aconseguir\u00e0s?<\/span><\/h3>\n<p>&nbsp;<\/p>\n<ul style=\"text-align: center;\">\n<li>Recuperar el teu equilibri emocional: treballarem en la gesti\u00f3 de les teves emocions i en els teus pensaments intrusius. Recuperar\u00e0s la teva autoestima i la teva for\u00e7a interior.<\/li>\n<li><span style=\"font-size: 16px;\">Tenir una bona relaci\u00f3 amb el menjar i millorar el teu aspecte f\u00edsic: implementar\u00e0s h\u00e0bits saludables que t&#8217;ajudin a cuidar-te i a mantenir el teu benestar.\u00a0<\/span><\/li>\n<li>Claredat per prendre decisions: redefinir\u00e0s els teus objectius, les teves prioritats i la teva visi\u00f3 de futur.<span style=\"font-size: 16px;\"><\/span><\/li>\n<\/ul>\n<p style=\"text-align: center;\"><strong><\/strong><\/p>\n<p style=\"text-align: center;\"><strong>La teva vida no s&#8217;ha trencat. Ara comen\u00e7a una nova etapa plena d&#8217;oportunitats. <\/strong><\/p>\n<p>[\/et_pb_text][\/et_pb_column][\/et_pb_row][\/et_pb_section][et_pb_section fb_built=&#8221;1&#8243; admin_label=&#8221;Specialties&#8221; _builder_version=&#8221;4.16&#8243; background_image=&#8221;https:\/\/www.annaestil.es\/wp-content\/uploads\/2020\/07\/therapist-06d.png&#8221; background_position=&#8221;top_left&#8221; global_colors_info=&#8221;{}&#8221;][et_pb_row _builder_version=&#8221;4.16&#8243; global_colors_info=&#8221;{}&#8221;][et_pb_column type=&#8221;4_4&#8243; _builder_version=&#8221;4.16&#8243; global_colors_info=&#8221;{}&#8221;][et_pb_text _builder_version=&#8221;4.16&#8243; text_font=&#8221;||||||||&#8221; text_line_height=&#8221;2em&#8221; header_font=&#8221;||||||||&#8221; header_2_font=&#8221;Montserrat||||||||&#8221; header_2_font_size=&#8221;40px&#8221; header_2_line_height=&#8221;1.4em&#8221; header_5_font=&#8221;||||||||&#8221; header_5_text_color=&#8221;#7f8dff&#8221; header_5_line_height=&#8221;2em&#8221; text_orientation=&#8221;center&#8221; max_width=&#8221;700px&#8221; module_alignment=&#8221;center&#8221; header_2_font_size_tablet=&#8221;&#8221; header_2_font_size_phone=&#8221;30px&#8221; header_2_font_size_last_edited=&#8221;on|phone&#8221; locked=&#8221;off&#8221; global_colors_info=&#8221;{}&#8221;]<\/p>\n<h2>Testimonis<\/h2>\n<p>[\/et_pb_text][\/et_pb_column][\/et_pb_row][et_pb_row _builder_version=&#8221;4.16&#8243; background_image=&#8221;https:\/\/www.annaestil.es\/wp-content\/uploads\/2020\/07\/therapist-13.jpg&#8221; custom_margin=&#8221;30px||20px||false|false&#8221; custom_padding=&#8221;40px|80px|40px|60px|false|false&#8221; border_radii=&#8221;on|10px|10px|10px|10px&#8221; box_shadow_style=&#8221;preset3&#8243; box_shadow_vertical=&#8221;5px&#8221; box_shadow_blur=&#8221;24px&#8221; box_shadow_color=&#8221;rgba(91,91,91,0.31)&#8221; global_colors_info=&#8221;{}&#8221;][et_pb_column type=&#8221;4_4&#8243; _builder_version=&#8221;4.16&#8243; global_colors_info=&#8221;{}&#8221;][et_pb_text _builder_version=&#8221;4.27.4&#8243; text_font_size=&#8221;18px&#8221; text_line_height=&#8221;1.8em&#8221; header_5_font=&#8221;||on||||||&#8221; header_5_text_color=&#8221;#35aae1&#8243; global_colors_info=&#8221;{}&#8221;]<\/p>\n<p style=\"text-align: justify;\"><em>\u201cLa veritat \u00e9s que em vaig quedar molt &#8220;tocada&#8221; despr\u00e9s del meu divorci. Sentia que havia donat massa i que ho havia perdut tot. Em sentia molt confusa, amb baixa autoestima i amb molta r\u00e0bia, i recorria al menjar com a consol. El programa amb l&#8217;Anna em va ajudar a posar claredat, a entendre l&#8217;origen de tot plegat i a poder avan\u00e7ar amb seguretat i fermesa. Ara em sento forta, tinc el control dels meus impulsos i miro al futur amb il\u00b7lusi\u00f3 &#8220;.<\/em><\/p>\n<p style=\"text-align: justify;\"><em><\/em><\/p>\n<p style=\"text-align: justify;\"><em><\/em><\/p>\n<h5 style=\"text-align: justify;\">Pepa. S.<\/h5>\n<h6 style=\"text-align: justify;\">51 anys, economista.<\/h6>\n<p>[\/et_pb_text][\/et_pb_column][\/et_pb_row][et_pb_row _builder_version=&#8221;4.16&#8243; background_image=&#8221;https:\/\/www.annaestil.es\/wp-content\/uploads\/2020\/07\/therapist-13.jpg&#8221; custom_margin=&#8221;30px||20px||false|false&#8221; custom_padding=&#8221;40px|80px|40px|60px|false|false&#8221; border_radii=&#8221;on|10px|10px|10px|10px&#8221; box_shadow_style=&#8221;preset3&#8243; box_shadow_vertical=&#8221;5px&#8221; box_shadow_blur=&#8221;24px&#8221; box_shadow_color=&#8221;rgba(91,91,91,0.31)&#8221; global_colors_info=&#8221;{}&#8221;][et_pb_column type=&#8221;4_4&#8243; _builder_version=&#8221;4.16&#8243; global_colors_info=&#8221;{}&#8221;][et_pb_text _builder_version=&#8221;4.27.4&#8243; text_font_size=&#8221;18px&#8221; text_line_height=&#8221;1.8em&#8221; header_5_font=&#8221;||on||||||&#8221; header_5_text_color=&#8221;#35aae1&#8243; global_colors_info=&#8221;{}&#8221;]<\/p>\n<p style=\"text-align: justify;\"><em>\u201cEl que m\u00e9s agraeixo del programa amb l&#8217;Anna \u00e9s que no nom\u00e9s va ser parlar. L&#8217; Anna em va ensenyar a organitzar-me, a regular les meves emocions, a dormir profundament, a posar l\u00edmits a la meva ex i a reconnectar amb els meus fills. Ara em sento en pau.&#8221;<\/em><\/p>\n<p style=\"text-align: justify;\"><em><\/em><\/p>\n<p style=\"text-align: justify;\"><em><\/em><\/p>\n<h5 style=\"text-align: justify;\">S\u00edlvia V.<\/h5>\n<h6 style=\"text-align: justify;\">53\u00a0 anys, assessora.<\/h6>\n<p>[\/et_pb_text][\/et_pb_column][\/et_pb_row][\/et_pb_section][et_pb_section fb_built=&#8221;1&#8243; admin_label=&#8221;Specialties&#8221; module_class=&#8221;et-show-more-content&#8221; _builder_version=&#8221;4.27.4&#8243; background_enable_image=&#8221;off&#8221; background_position=&#8221;top_left&#8221; custom_margin=&#8221;0px||0px||false|false&#8221; custom_padding=&#8221;0px||0px||false|false&#8221; global_colors_info=&#8221;{}&#8221;][et_pb_row _builder_version=&#8221;4.16&#8243; background_image=&#8221;https:\/\/www.annaestil.es\/wp-content\/uploads\/2020\/07\/therapist-13.jpg&#8221; custom_margin=&#8221;30px||20px||false|false&#8221; custom_padding=&#8221;40px|80px|40px|60px|false|false&#8221; border_radii=&#8221;on|10px|10px|10px|10px&#8221; box_shadow_style=&#8221;preset3&#8243; box_shadow_vertical=&#8221;5px&#8221; box_shadow_blur=&#8221;24px&#8221; box_shadow_color=&#8221;rgba(91,91,91,0.31)&#8221; global_colors_info=&#8221;{}&#8221;][et_pb_column type=&#8221;4_4&#8243; _builder_version=&#8221;4.16&#8243; global_colors_info=&#8221;{}&#8221;][et_pb_text _builder_version=&#8221;4.27.4&#8243; text_font_size=&#8221;18px&#8221; text_line_height=&#8221;1.8em&#8221; header_5_font=&#8221;||on||||||&#8221; header_5_text_color=&#8221;#35aae1&#8243; global_colors_info=&#8221;{}&#8221;]<\/p>\n<p style=\"text-align: justify;\"><em>\u201cDespr\u00e9s de la meva separaci\u00f3 em vaig quedar sense rumb, no sabia qui era jo sense ell ni qu\u00e8 fer amb la meva vida. Vaig comen\u00e7ar a tenir una vida desorganitzada i a menjar de manera compulsiva. La mentoria i l&#8217;acompanyament proper de l&#8217;Anna m&#8217;han ajudat a &#8220;reconstruir-me&#8221; mica a mica. Ara tinc una bona relaci\u00f3 amb el menjar, torno a tenir il\u00b7lusi\u00f3 i em sento lliure per primera vegada&#8221;.<\/em><\/p>\n<p style=\"text-align: justify;\"><em><\/em><\/p>\n<p style=\"text-align: justify;\"><em><\/em><\/p>\n<h5 style=\"text-align: justify;\">Marta M.<\/h5>\n<h6 style=\"text-align: justify;\">42\u00a0 anys, professora.<\/h6>\n<p>[\/et_pb_text][\/et_pb_column][\/et_pb_row][\/et_pb_section][et_pb_section fb_built=&#8221;1&#8243; _builder_version=&#8221;4.27.4&#8243; _module_preset=&#8221;default&#8221; custom_margin=&#8221;0px||||false|false&#8221; custom_padding=&#8221;0px||||false|false&#8221; global_colors_info=&#8221;{}&#8221;][et_pb_row _builder_version=&#8221;4.27.4&#8243; _module_preset=&#8221;default&#8221; global_colors_info=&#8221;{}&#8221;][et_pb_column type=&#8221;4_4&#8243; _builder_version=&#8221;4.27.4&#8243; _module_preset=&#8221;default&#8221; global_colors_info=&#8221;{}&#8221;][et_pb_button button_text=&#8221;Veure m\u00e9s testimonis&#8221; button_alignment=&#8221;center&#8221; module_class=&#8221;et-show-more-toggle&#8221; _builder_version=&#8221;4.27.4&#8243; _module_preset=&#8221;default&#8221; custom_button=&#8221;on&#8221; button_border_radius=&#8221;3px&#8221; custom_padding=&#8221;10px|30px|10px|30px|true|true&#8221; global_colors_info=&#8221;{}&#8221;][\/et_pb_button][et_pb_code _builder_version=&#8221;4.27.4&#8243; _module_preset=&#8221;default&#8221; global_colors_info=&#8221;{}&#8221;]<\/p>\n<style type=\"text\/css\"><!-- [et_pb_line_break_holder] -->.et-show-more-content {<!-- [et_pb_line_break_holder] -->  display:none;<!-- [et_pb_line_break_holder] -->}<!-- [et_pb_line_break_holder] -->.et-fb .et-show-more-content {<!-- [et_pb_line_break_holder] -->  display:block;<!-- [et_pb_line_break_holder] -->}<!-- [et_pb_line_break_holder] -->.et-show-more-toggle {<!-- [et_pb_line_break_holder] -->  cursor:pointer;<!-- [et_pb_line_break_holder] -->}<!-- [et_pb_line_break_holder] --><\/style>\n<p><!-- [et_pb_line_break_holder] --><script type=\"text\/javascript\"><!-- [et_pb_line_break_holder] -->(function($) {<!-- [et_pb_line_break_holder] -->    $(document).ready(function(){<!-- [et_pb_line_break_holder] -->        $('.et-show-more-toggle').on('click', function(e) {<!-- [et_pb_line_break_holder] -->            e.preventDefault();<!-- [et_pb_line_break_holder] -->            $('.et-show-more-content').slideToggle(\"300\");<!-- [et_pb_line_break_holder] -->            $(this).toggleClass('et-show-more-toggle_active');<!-- [et_pb_line_break_holder] -->            if ($(this).hasClass('et-show-more-toggle_active')) {<!-- [et_pb_line_break_holder] -->                $(this).text('Veure menys testimonis');<!-- [et_pb_line_break_holder] -->            } else {<!-- [et_pb_line_break_holder] -->                $(this).text('Veure m\u00e9s testimonis');<!-- [et_pb_line_break_holder] -->            }<!-- [et_pb_line_break_holder] -->        });<!-- [et_pb_line_break_holder] -->    });<!-- [et_pb_line_break_holder] -->})(jQuery);<!-- [et_pb_line_break_holder] --><\/script>[\/et_pb_code][\/et_pb_column][\/et_pb_row][\/et_pb_section][et_pb_section fb_built=&#8221;1&#8243; _builder_version=&#8221;4.16&#8243; custom_padding=&#8221;5px||4px|||&#8221; global_colors_info=&#8221;{}&#8221;][et_pb_row _builder_version=&#8221;4.16&#8243; global_colors_info=&#8221;{}&#8221;][et_pb_column type=&#8221;4_4&#8243; _builder_version=&#8221;4.16&#8243; global_colors_info=&#8221;{}&#8221;][et_pb_text module_class=&#8221;check_bullets&#8221; _builder_version=&#8221;4.27.4&#8243; custom_padding=&#8221;0px|||||&#8221; animation_style=&#8221;slide&#8221; global_colors_info=&#8221;{}&#8221;]<\/p>\n<h3 style=\"text-align: center;\"><span style=\"text-decoration: underline;\">Com \u00e9s la meva mentoria?<\/span><\/h3>\n<p style=\"text-align: center;\">T&#8217;acompanyo de manera personalitzada durant 3 mesos amb sessions setmanals, amb un enfocament emp\u00e0tic, respectu\u00f3s i sense judici.\u00a0<\/p>\n<p style=\"text-align: center;\">Treballarem amb el meu m\u00e8tode ACARS, que combina el mentoring, el coaching, la PNL, la nutrici\u00f3 integrativa i eiens pr\u00e0ctiques que t&#8217;ajuden a cr\u00e9ixer com a persona, guanyant confian\u00e7a, seguretat i determinaci\u00f3.\u00a0<\/p>\n<p style=\"text-align: center;\">\u00c9s un programa adaptat a tu, a les teves necessitats reals i a les teves circumst\u00e0ncies particulars.\u00a0<\/p>\n<p style=\"text-align: center;\">Treballarem plegats TU i JO perqu\u00e8 Tu tinguis resultats.\u00a0<\/p>\n<p style=\"text-align: center;\">Podr\u00e0s tenir acc\u00e9s al meu WhatsApp personal de manera continuada.<\/p>\n<p style=\"text-align: center;\"><strong><\/strong><\/p>\n<p style=\"text-align: center;\">Reserva la teva primera sessi\u00f3 gratu\u00efta en el bot\u00f3 de sota<strong><\/strong><\/p>\n<p>[\/et_pb_text][\/et_pb_column][\/et_pb_row][\/et_pb_section][et_pb_section fb_built=&#8221;1&#8243; _builder_version=&#8221;4.27.4&#8243; _module_preset=&#8221;default&#8221; global_colors_info=&#8221;{}&#8221;][et_pb_row _builder_version=&#8221;4.27.4&#8243; _module_preset=&#8221;default&#8221; custom_margin=&#8221;|auto||412px||&#8221; global_colors_info=&#8221;{}&#8221;][et_pb_column type=&#8221;4_4&#8243; _builder_version=&#8221;4.27.4&#8243; _module_preset=&#8221;default&#8221; global_colors_info=&#8221;{}&#8221;][et_pb_button button_url=&#8221;https:\/\/wa.me\/+34617591804&#8243; url_new_window=&#8221;on&#8221; button_text=&#8221;Reserva la teva sessi\u00f3 gratu\u00efta&#8221; button_alignment=&#8221;center&#8221; _builder_version=&#8221;4.27.5&#8243; custom_button=&#8221;on&#8221; button_text_color=&#8221;#ffffff&#8221; button_bg_color=&#8221;#7f8dff&#8221; button_border_color=&#8221;rgba(0,0,0,0)&#8221; button_border_radius=&#8221;100px&#8221; button_font=&#8221;Montserrat|||on|||||&#8221; vertical_offset_tablet=&#8221;0&#8243; horizontal_offset_tablet=&#8221;0&#8243; custom_padding=&#8221;16px|30px|16px|30px|true|true&#8221; z_index_tablet=&#8221;0&#8243; button_text_shadow_horizontal_length_tablet=&#8221;0px&#8221; button_text_shadow_vertical_length_tablet=&#8221;0px&#8221; button_text_shadow_blur_strength_tablet=&#8221;1px&#8221; box_shadow_style=&#8221;preset3&#8243; box_shadow_color=&#8221;rgba(127,141,255,0.4)&#8221; button_letter_spacing_hover=&#8221;2px&#8221; locked=&#8221;off&#8221; global_colors_info=&#8221;{}&#8221; button_text_size__hover_enabled=&#8221;off&#8221; button_one_text_size__hover_enabled=&#8221;off&#8221; button_two_text_size__hover_enabled=&#8221;off&#8221; button_text_color__hover_enabled=&#8221;off&#8221; button_one_text_color__hover_enabled=&#8221;off&#8221; button_two_text_color__hover_enabled=&#8221;off&#8221; button_border_width__hover_enabled=&#8221;off&#8221; button_one_border_width__hover_enabled=&#8221;off&#8221; button_two_border_width__hover_enabled=&#8221;off&#8221; button_border_color__hover_enabled=&#8221;off&#8221; button_one_border_color__hover_enabled=&#8221;off&#8221; button_two_border_color__hover_enabled=&#8221;off&#8221; button_border_radius__hover_enabled=&#8221;off&#8221; button_one_border_radius__hover_enabled=&#8221;off&#8221; button_two_border_radius__hover_enabled=&#8221;off&#8221; button_letter_spacing__hover_enabled=&#8221;on&#8221; button_letter_spacing__hover=&#8221;2px&#8221; button_one_letter_spacing__hover_enabled=&#8221;off&#8221; button_two_letter_spacing__hover_enabled=&#8221;off&#8221; button_bg_color__hover_enabled=&#8221;off&#8221; button_one_bg_color__hover_enabled=&#8221;off&#8221; button_two_bg_color__hover_enabled=&#8221;off&#8221;][\/et_pb_button][\/et_pb_column][\/et_pb_row][\/et_pb_section][et_pb_section fb_built=&#8221;1&#8243; admin_label=&#8221;Footer&#8221; module_id=&#8221;contact&#8221; _builder_version=&#8221;4.16&#8243; saved_tabs=&#8221;all&#8221; global_colors_info=&#8221;{}&#8221; global_module=&#8221;12036&#8243; theme_builder_area=&#8221;post_content&#8221;][et_pb_row _builder_version=&#8221;4.16&#8243; global_colors_info=&#8221;{}&#8221; theme_builder_area=&#8221;post_content&#8221;][et_pb_column type=&#8221;4_4&#8243; _builder_version=&#8221;4.16&#8243; global_colors_info=&#8221;{}&#8221; theme_builder_area=&#8221;post_content&#8221;][\/et_pb_column][\/et_pb_row][et_pb_row _builder_version=&#8221;4.16&#8243; locked=&#8221;off&#8221; global_colors_info=&#8221;{}&#8221; theme_builder_area=&#8221;post_content&#8221;][et_pb_column type=&#8221;4_4&#8243; _builder_version=&#8221;4.16&#8243; custom_padding=&#8221;|||&#8221; global_colors_info=&#8221;{}&#8221; custom_padding__hover=&#8221;|||&#8221; theme_builder_area=&#8221;post_content&#8221;][et_pb_text _builder_version=&#8221;4.16&#8243; text_font=&#8221;||||||||&#8221; text_line_height=&#8221;2em&#8221; header_font=&#8221;||||||||&#8221; header_2_font=&#8221;Montserrat||||||||&#8221; header_2_font_size=&#8221;40px&#8221; header_2_line_height=&#8221;1.4em&#8221; header_5_font=&#8221;||||||||&#8221; header_5_text_color=&#8221;#7f8dff&#8221; header_5_line_height=&#8221;2em&#8221; text_orientation=&#8221;center&#8221; max_width=&#8221;700px&#8221; module_alignment=&#8221;center&#8221; header_2_font_size_tablet=&#8221;&#8221; header_2_font_size_phone=&#8221;30px&#8221; header_2_font_size_last_edited=&#8221;on|phone&#8221; locked=&#8221;off&#8221; global_colors_info=&#8221;{}&#8221; theme_builder_area=&#8221;post_content&#8221;]<\/p>\n<h2>Contacta amb mi<\/h2>\n<p>\u00a0Per qualsevol consulta no dubtis en posar-te en contacte amb mi per <br \/>Whatsapp, Tel\u00e8fon o Correu electr\u00f2nic.<\/p>\n<p><strong>Estar\u00e9 encantada que em contactis i d\u2019acompanyar-te en tot el proc\u00e9s.<\/strong><\/p>\n<p>[\/et_pb_text][\/et_pb_column][\/et_pb_row][et_pb_row column_structure=&#8221;1_2,1_2&#8243; _builder_version=&#8221;4.16&#8243; global_colors_info=&#8221;{}&#8221; theme_builder_area=&#8221;post_content&#8221;][et_pb_column type=&#8221;1_2&#8243; _builder_version=&#8221;4.16&#8243; custom_padding=&#8221;|||&#8221; global_colors_info=&#8221;{}&#8221; custom_padding__hover=&#8221;|||&#8221; theme_builder_area=&#8221;post_content&#8221;][et_pb_blurb title=&#8221;+34 617 591 804&#8243; image=&#8221;https:\/\/www.annaestil.es\/wp-content\/uploads\/\/2020\/08\/icons8-whatsapp.svg&#8221; content_max_width=&#8221;1100px&#8221; _builder_version=&#8221;4.27.6&#8243; header_font=&#8221;Montserrat||||||||&#8221; header_font_size=&#8221;16px&#8221; header_line_height=&#8221;1.4em&#8221; text_orientation=&#8221;center&#8221; animation_style=&#8221;slide&#8221; animation_direction=&#8221;right&#8221; animation=&#8221;off&#8221; link_option_url=&#8221;https:\/\/wa.me\/+34617591804&#8243; link_option_url_new_window=&#8221;on&#8221; locked=&#8221;off&#8221; global_colors_info=&#8221;{}&#8221; theme_builder_area=&#8221;post_content&#8221;][\/et_pb_blurb][\/et_pb_column][et_pb_column type=&#8221;1_2&#8243; _builder_version=&#8221;4.16&#8243; global_colors_info=&#8221;{}&#8221; theme_builder_area=&#8221;post_content&#8221;][et_pb_blurb title=&#8221;infocoach@annaestil.es&#8221; use_icon=&#8221;on&#8221; font_icon=&#8221;&#xe076;||divi||400&#8243; icon_color=&#8221;#7f8dff&#8221; image_icon_width=&#8221;60px&#8221; content_max_width=&#8221;1100px&#8221; _builder_version=&#8221;4.27.6&#8243; header_font=&#8221;Montserrat||||||||&#8221; header_font_size=&#8221;16px&#8221; header_line_height=&#8221;1.4em&#8221; text_orientation=&#8221;center&#8221; animation_style=&#8221;slide&#8221; animation_direction=&#8221;right&#8221; animation_delay=&#8221;800ms&#8221; animation=&#8221;off&#8221; link_option_url=&#8221;mailto:infocoach@annaestil.es&#8221; link_option_url_new_window=&#8221;on&#8221; icon_font_size=&#8221;24px&#8221; locked=&#8221;off&#8221; global_colors_info=&#8221;{}&#8221; theme_builder_area=&#8221;post_content&#8221;][\/et_pb_blurb][\/et_pb_column][\/et_pb_row][\/et_pb_section]<\/p>\n","protected":false},"excerpt":{"rendered":"<p>Programa personalitzat &#8220;Reconstrueix-te: sana la teva relaci\u00f3 amb el menjar i torna a ser feli\u00e7&#8221; Sentir-te acompanyada durant el proc\u00e9s, millora els teus resultats.\u00a0 Aix\u00f2 \u00e9s per tu si: Menges sense gana des de la ruptura, i despr\u00e9s et sents culpable o fora de control.\u00a0Saps qu\u00e8 hauries de menjar, per\u00f2 no tens una bona relaci\u00f3 [&hellip;]<\/p>\n","protected":false},"author":1,"featured_media":0,"parent":0,"menu_order":0,"comment_status":"closed","ping_status":"closed","template":"","meta":{"_et_pb_use_builder":"on","_et_pb_old_content":"","_et_gb_content_width":"","inline_featured_image":false,"_joinchat":[],"footnotes":""},"class_list":["post-493","page","type-page","status-publish","hentry"],"yoast_head":"<!-- This site is optimized with the Yoast SEO plugin v27.5 - https:\/\/yoast.com\/product\/yoast-seo-wordpress\/ -->\n<title>Superar una ruptura | Tallers personalitzats amb Anna Estil\u00b7les<\/title>\n<meta name=\"description\" content=\"Tallers personalitzats per a superar una ruptura. Recupera la teva autoestima, benestar i motivaci\u00f3 amb el m\u00e8tode ACARS. Anna Esil\u00b7les.\" \/>\n<meta name=\"robots\" content=\"index, follow, max-snippet:-1, max-image-preview:large, max-video-preview:-1\" \/>\n<link rel=\"canonical\" href=\"https:\/\/www.annaestil.es\/ca\/tallers-personalitzats\/\" \/>\n<meta property=\"og:locale\" content=\"ca_ES\" \/>\n<meta property=\"og:type\" content=\"article\" \/>\n<meta property=\"og:title\" content=\"Superar una ruptura | Tallers personalitzats amb Anna Estil\u00b7les\" \/>\n<meta property=\"og:description\" content=\"Tallers personalitzats per a superar una ruptura. Recupera la teva autoestima, benestar i motivaci\u00f3 amb el m\u00e8tode ACARS. Anna Esil\u00b7les.\" \/>\n<meta property=\"og:url\" content=\"https:\/\/www.annaestil.es\/ca\/tallers-personalitzats\/\" \/>\n<meta property=\"og:site_name\" content=\"Anna Esil\u00b7les\" \/>\n<meta property=\"article:modified_time\" content=\"2026-03-16T18:51:10+00:00\" \/>\n<meta name=\"twitter:card\" content=\"summary_large_image\" \/>\n<meta name=\"twitter:label1\" content=\"Temps estimat de lectura\" \/>\n\t<meta name=\"twitter:data1\" content=\"3 minuts\" \/>\n<script type=\"application\/ld+json\" class=\"yoast-schema-graph\">{\"@context\":\"https:\\\/\\\/schema.org\",\"@graph\":[{\"@type\":\"WebPage\",\"@id\":\"https:\\\/\\\/www.annaestil.es\\\/ca\\\/tallers-personalitzats\\\/\",\"url\":\"https:\\\/\\\/www.annaestil.es\\\/ca\\\/tallers-personalitzats\\\/\",\"name\":\"Superar una ruptura | Tallers personalitzats amb Anna Estil\u00b7les\",\"isPartOf\":{\"@id\":\"https:\\\/\\\/www.annaestil.es\\\/ca\\\/#website\"},\"datePublished\":\"2020-08-13T17:25:18+00:00\",\"dateModified\":\"2026-03-16T18:51:10+00:00\",\"description\":\"Tallers personalitzats per a superar una ruptura. Recupera la teva autoestima, benestar i motivaci\u00f3 amb el m\u00e8tode ACARS. Anna Esil\u00b7les.\",\"breadcrumb\":{\"@id\":\"https:\\\/\\\/www.annaestil.es\\\/ca\\\/tallers-personalitzats\\\/#breadcrumb\"},\"inLanguage\":\"ca\",\"potentialAction\":[{\"@type\":\"ReadAction\",\"target\":[\"https:\\\/\\\/www.annaestil.es\\\/ca\\\/tallers-personalitzats\\\/\"]}]},{\"@type\":\"BreadcrumbList\",\"@id\":\"https:\\\/\\\/www.annaestil.es\\\/ca\\\/tallers-personalitzats\\\/#breadcrumb\",\"itemListElement\":[{\"@type\":\"ListItem\",\"position\":1,\"name\":\"Portada\",\"item\":\"https:\\\/\\\/www.annaestil.es\\\/ca\\\/\"},{\"@type\":\"ListItem\",\"position\":2,\"name\":\"Tallers personalitzats\"}]},{\"@type\":\"WebSite\",\"@id\":\"https:\\\/\\\/www.annaestil.es\\\/ca\\\/#website\",\"url\":\"https:\\\/\\\/www.annaestil.es\\\/ca\\\/\",\"name\":\"Anna Esil\u00b7les\",\"description\":\"Coach de Bienestar Familiar y Personal\",\"potentialAction\":[{\"@type\":\"SearchAction\",\"target\":{\"@type\":\"EntryPoint\",\"urlTemplate\":\"https:\\\/\\\/www.annaestil.es\\\/ca\\\/?s={search_term_string}\"},\"query-input\":{\"@type\":\"PropertyValueSpecification\",\"valueRequired\":true,\"valueName\":\"search_term_string\"}}],\"inLanguage\":\"ca\"}]}<\/script>\n<!-- \/ Yoast SEO plugin. -->","yoast_head_json":{"title":"Superar una ruptura | Tallers personalitzats amb Anna Estil\u00b7les","description":"Tallers personalitzats per a superar una ruptura. Recupera la teva autoestima, benestar i motivaci\u00f3 amb el m\u00e8tode ACARS. Anna Esil\u00b7les.","robots":{"index":"index","follow":"follow","max-snippet":"max-snippet:-1","max-image-preview":"max-image-preview:large","max-video-preview":"max-video-preview:-1"},"canonical":"https:\/\/www.annaestil.es\/ca\/tallers-personalitzats\/","og_locale":"ca_ES","og_type":"article","og_title":"Superar una ruptura | Tallers personalitzats amb Anna Estil\u00b7les","og_description":"Tallers personalitzats per a superar una ruptura. Recupera la teva autoestima, benestar i motivaci\u00f3 amb el m\u00e8tode ACARS. Anna Esil\u00b7les.","og_url":"https:\/\/www.annaestil.es\/ca\/tallers-personalitzats\/","og_site_name":"Anna Esil\u00b7les","article_modified_time":"2026-03-16T18:51:10+00:00","twitter_card":"summary_large_image","twitter_misc":{"Temps estimat de lectura":"3 minuts"},"schema":{"@context":"https:\/\/schema.org","@graph":[{"@type":"WebPage","@id":"https:\/\/www.annaestil.es\/ca\/tallers-personalitzats\/","url":"https:\/\/www.annaestil.es\/ca\/tallers-personalitzats\/","name":"Superar una ruptura | Tallers personalitzats amb Anna Estil\u00b7les","isPartOf":{"@id":"https:\/\/www.annaestil.es\/ca\/#website"},"datePublished":"2020-08-13T17:25:18+00:00","dateModified":"2026-03-16T18:51:10+00:00","description":"Tallers personalitzats per a superar una ruptura. Recupera la teva autoestima, benestar i motivaci\u00f3 amb el m\u00e8tode ACARS. Anna Esil\u00b7les.","breadcrumb":{"@id":"https:\/\/www.annaestil.es\/ca\/tallers-personalitzats\/#breadcrumb"},"inLanguage":"ca","potentialAction":[{"@type":"ReadAction","target":["https:\/\/www.annaestil.es\/ca\/tallers-personalitzats\/"]}]},{"@type":"BreadcrumbList","@id":"https:\/\/www.annaestil.es\/ca\/tallers-personalitzats\/#breadcrumb","itemListElement":[{"@type":"ListItem","position":1,"name":"Portada","item":"https:\/\/www.annaestil.es\/ca\/"},{"@type":"ListItem","position":2,"name":"Tallers personalitzats"}]},{"@type":"WebSite","@id":"https:\/\/www.annaestil.es\/ca\/#website","url":"https:\/\/www.annaestil.es\/ca\/","name":"Anna Esil\u00b7les","description":"Coach de Bienestar Familiar y Personal","potentialAction":[{"@type":"SearchAction","target":{"@type":"EntryPoint","urlTemplate":"https:\/\/www.annaestil.es\/ca\/?s={search_term_string}"},"query-input":{"@type":"PropertyValueSpecification","valueRequired":true,"valueName":"search_term_string"}}],"inLanguage":"ca"}]}},"_links":{"self":[{"href":"https:\/\/www.annaestil.es\/ca\/wp-json\/wp\/v2\/pages\/493","targetHints":{"allow":["GET"]}}],"collection":[{"href":"https:\/\/www.annaestil.es\/ca\/wp-json\/wp\/v2\/pages"}],"about":[{"href":"https:\/\/www.annaestil.es\/ca\/wp-json\/wp\/v2\/types\/page"}],"author":[{"embeddable":true,"href":"https:\/\/www.annaestil.es\/ca\/wp-json\/wp\/v2\/users\/1"}],"replies":[{"embeddable":true,"href":"https:\/\/www.annaestil.es\/ca\/wp-json\/wp\/v2\/comments?post=493"}],"version-history":[{"count":30,"href":"https:\/\/www.annaestil.es\/ca\/wp-json\/wp\/v2\/pages\/493\/revisions"}],"predecessor-version":[{"id":12043,"href":"https:\/\/www.annaestil.es\/ca\/wp-json\/wp\/v2\/pages\/493\/revisions\/12043"}],"wp:attachment":[{"href":"https:\/\/www.annaestil.es\/ca\/wp-json\/wp\/v2\/media?parent=493"}],"curies":[{"name":"wp","href":"https:\/\/api.w.org\/{rel}","templated":true}]}}