{"id":505,"date":"2020-08-13T17:34:03","date_gmt":"2020-08-13T17:34:03","guid":{"rendered":"https:\/\/www.annaestil.es\/testimonis\/"},"modified":"2026-03-16T18:43:33","modified_gmt":"2026-03-16T18:43:33","slug":"testimonis","status":"publish","type":"page","link":"https:\/\/www.annaestil.es\/ca\/testimonis\/","title":{"rendered":"Testimonis"},"content":{"rendered":"<p>[et_pb_section fb_built=&#8221;1&#8243; admin_label=&#8221;Testimonials&#8221; _builder_version=&#8221;4.16&#8243; background_enable_color=&#8221;off&#8221; use_background_color_gradient=&#8221;on&#8221; background_color_gradient_stops=&#8221;#f2f6fc 0%|#ffffff 100%&#8221; background_color_gradient_start=&#8221;#f2f6fc&#8221; background_color_gradient_end=&#8221;#ffffff&#8221; global_colors_info=&#8221;{}&#8221;][et_pb_row column_structure=&#8221;1_4,3_4&#8243; _builder_version=&#8221;4.16&#8243; background_image=&#8221;https:\/\/www.annaestil.es\/wp-content\/uploads\/2020\/07\/therapist-13.jpg&#8221; custom_margin=&#8221;30px||20px||false|false&#8221; custom_padding=&#8221;40px|80px|40px|60px|false|false&#8221; border_radii=&#8221;on|10px|10px|10px|10px&#8221; box_shadow_style=&#8221;preset3&#8243; box_shadow_vertical=&#8221;5px&#8221; box_shadow_blur=&#8221;24px&#8221; box_shadow_color=&#8221;rgba(91,91,91,0.31)&#8221; global_colors_info=&#8221;{}&#8221;][et_pb_column type=&#8221;1_4&#8243; _builder_version=&#8221;4.16&#8243; global_colors_info=&#8221;{}&#8221;][et_pb_image src=&#8221;https:\/\/www.annaestil.es\/wp-content\/uploads\/2020\/08\/carles-150&#215;150.jpeg&#8221; title_text=&#8221;carles&#8221; align=&#8221;center&#8221; _builder_version=&#8221;4.16&#8243; border_radii=&#8221;on|150px|150px|150px|150px&#8221; global_colors_info=&#8221;{}&#8221;][\/et_pb_image][\/et_pb_column][et_pb_column type=&#8221;3_4&#8243; _builder_version=&#8221;4.16&#8243; global_colors_info=&#8221;{}&#8221;][et_pb_text _builder_version=&#8221;4.16&#8243; text_font_size=&#8221;18px&#8221; text_line_height=&#8221;1.8em&#8221; header_5_font=&#8221;||on||||||&#8221; header_5_text_color=&#8221;#35aae1&#8243; global_colors_info=&#8221;{}&#8221;]<\/p>\n<p style=\"text-align: justify;\">Era la primera vegada a la meva vida que realitzava sessions de coaching i el resultat va ser molt millor del que esperava. L\u2019Anna va aconseguir ajudar-me sense ni tan sols donar-me cap consell, em va ajudar a mi mateix a entendre les meves necessitats, a prioritzar-les i a establir un pla que em permet\u00e9s abordar all\u00f2 que m\u2019allunyava dels meus objectius.<\/p>\n<p style=\"text-align: justify;\">En nom\u00e9s 4 setmanes, m\u00e9s els deures de cada sessi\u00f3, em vaig sentir capa\u00e7 d\u2019ordenar les meves idees, enfocar-me en el realment important i a definir el cam\u00ed que em va portar a estar on volia estar el dia que va comen\u00e7ar el proc\u00e9s de coaching.<\/p>\n<p style=\"text-align: justify;\">Li agraeixo el seu ajut i recomano al 100% les seves sessions per progressar tant a nivell personal com, en el meu cas, professional.<\/p>\n<p>&nbsp;<\/p>\n<h5 style=\"text-align: justify;\">Carles Martrat<\/h5>\n<h6 style=\"text-align: justify;\">Enginyer vibro-ac\u00fastic a ALSTOM<\/h6>\n<p>[\/et_pb_text][\/et_pb_column][\/et_pb_row][et_pb_row column_structure=&#8221;1_4,3_4&#8243; _builder_version=&#8221;4.16&#8243; background_image=&#8221;https:\/\/www.annaestil.es\/wp-content\/uploads\/2020\/07\/therapist-13.jpg&#8221; custom_margin=&#8221;30px||20px||false|false&#8221; custom_padding=&#8221;40px|80px|40px|60px|false|false&#8221; border_radii=&#8221;on|10px|10px|10px|10px&#8221; box_shadow_style=&#8221;preset3&#8243; box_shadow_vertical=&#8221;5px&#8221; box_shadow_blur=&#8221;24px&#8221; box_shadow_color=&#8221;rgba(91,91,91,0.31)&#8221; global_colors_info=&#8221;{}&#8221;][et_pb_column type=&#8221;1_4&#8243; _builder_version=&#8221;4.16&#8243; global_colors_info=&#8221;{}&#8221;][et_pb_image src=&#8221;https:\/\/www.annaestil.es\/wp-content\/uploads\/2020\/08\/rafa-150&#215;150.jpeg&#8221; title_text=&#8221;rafa&#8221; align=&#8221;center&#8221; _builder_version=&#8221;4.16&#8243; border_radii=&#8221;on|150px|150px|150px|150px&#8221; global_colors_info=&#8221;{}&#8221;][\/et_pb_image][\/et_pb_column][et_pb_column type=&#8221;3_4&#8243; _builder_version=&#8221;4.16&#8243; global_colors_info=&#8221;{}&#8221;][et_pb_text _builder_version=&#8221;4.16&#8243; text_font_size=&#8221;18px&#8221; text_line_height=&#8221;1.8em&#8221; header_5_font=&#8221;||on||||||&#8221; header_5_text_color=&#8221;#35aae1&#8243; global_colors_info=&#8221;{}&#8221;]<\/p>\n<p align=\"justify\"><span lang=\"ca-ES\">Amb l\u2019exc\u00e9s de treball sovint descuidem la nostra salut.<\/span><\/p>\n<p align=\"justify\"><span lang=\"ca-ES\">Fer un proc\u00e9s de coaching amb l\u2019Anna em va ajudar a prendre consci\u00e8ncia que havia de canviar alguns h\u00e0bits, i el cam\u00ed va ser f\u00e0cil, em vaig sentir c\u00f2mode, capa\u00e7, segur. <\/span><\/p>\n<p align=\"justify\"><span lang=\"ca-ES\">M\u2019atreviria a dir que \u00e9s una aut\u00e8ntica facilitadora de benestar.<\/span><\/p>\n<p align=\"justify\">\n<h5 style=\"text-align: justify;\">Rafa Matamoros<\/h5>\n<h6>Empresari sectors log\u00edstic i tecnol\u00f2gic<\/h6>\n<p>[\/et_pb_text][\/et_pb_column][\/et_pb_row][et_pb_row column_structure=&#8221;1_4,3_4&#8243; _builder_version=&#8221;4.16&#8243; background_image=&#8221;https:\/\/www.annaestil.es\/wp-content\/uploads\/2020\/07\/therapist-13.jpg&#8221; custom_margin=&#8221;30px||20px||false|false&#8221; custom_padding=&#8221;40px|80px|40px|60px|false|false&#8221; border_radii=&#8221;on|10px|10px|10px|10px&#8221; box_shadow_style=&#8221;preset3&#8243; box_shadow_vertical=&#8221;5px&#8221; box_shadow_blur=&#8221;24px&#8221; box_shadow_color=&#8221;rgba(91,91,91,0.31)&#8221; global_colors_info=&#8221;{}&#8221;][et_pb_column type=&#8221;1_4&#8243; _builder_version=&#8221;4.16&#8243; global_colors_info=&#8221;{}&#8221;][et_pb_image src=&#8221;https:\/\/www.annaestil.es\/wp-content\/uploads\/2020\/08\/marta-150&#215;150.jpeg&#8221; title_text=&#8221;marta&#8221; align=&#8221;center&#8221; _builder_version=&#8221;4.16&#8243; border_radii=&#8221;on|150px|150px|150px|150px&#8221; global_colors_info=&#8221;{}&#8221;][\/et_pb_image][\/et_pb_column][et_pb_column type=&#8221;3_4&#8243; _builder_version=&#8221;4.16&#8243; global_colors_info=&#8221;{}&#8221;][et_pb_text _builder_version=&#8221;4.16&#8243; text_font_size=&#8221;18px&#8221; text_line_height=&#8221;1.8em&#8221; header_5_font=&#8221;||on||||||&#8221; header_5_text_color=&#8221;#35aae1&#8243; global_colors_info=&#8221;{}&#8221;]<\/p>\n<p align=\"justify\"><span lang=\"ca-ES\">Estava en un moment de la meva vida on necessitava canviar certs aspectes que no m\u2019agradaven. <\/span><\/p>\n<p align=\"justify\"><span lang=\"ca-ES\">L\u2019Anna em va acompanyar durant tot el proc\u00e9s de coaching i finalment vaig poder aconseguir el meu principal objectiu.<\/span><\/p>\n<p align=\"justify\"><span lang=\"ca-ES\">La recomano sens dubte com a molt bona professional i com a persona de gran qualitat humana.<\/span><\/p>\n<p align=\"justify\">\n<h5 style=\"text-align: justify;\">Marta A.<\/h5>\n<h6>Consultora pedag\u00f2gica<\/h6>\n<p>[\/et_pb_text][\/et_pb_column][\/et_pb_row][et_pb_row column_structure=&#8221;1_4,3_4&#8243; _builder_version=&#8221;4.16&#8243; background_image=&#8221;https:\/\/www.annaestil.es\/wp-content\/uploads\/2020\/07\/therapist-13.jpg&#8221; custom_margin=&#8221;30px||20px||false|false&#8221; custom_padding=&#8221;40px|80px|40px|60px|false|false&#8221; border_radii=&#8221;on|10px|10px|10px|10px&#8221; box_shadow_style=&#8221;preset3&#8243; box_shadow_vertical=&#8221;5px&#8221; box_shadow_blur=&#8221;24px&#8221; box_shadow_color=&#8221;rgba(91,91,91,0.31)&#8221; global_colors_info=&#8221;{}&#8221;][et_pb_column type=&#8221;1_4&#8243; _builder_version=&#8221;4.16&#8243; global_colors_info=&#8221;{}&#8221;][et_pb_image src=&#8221;https:\/\/www.annaestil.es\/wp-content\/uploads\/2020\/08\/jordi-squared-150&#215;150.jpg&#8221; title_text=&#8221;jordi-squared&#8221; align=&#8221;center&#8221; _builder_version=&#8221;4.16&#8243; border_radii=&#8221;on|150px|150px|150px|150px&#8221; global_colors_info=&#8221;{}&#8221;][\/et_pb_image][\/et_pb_column][et_pb_column type=&#8221;3_4&#8243; _builder_version=&#8221;4.16&#8243; global_colors_info=&#8221;{}&#8221;][et_pb_text _builder_version=&#8221;4.16&#8243; text_font_size=&#8221;18px&#8221; text_line_height=&#8221;1.8em&#8221; header_5_font=&#8221;||on||||||&#8221; header_5_text_color=&#8221;#35aae1&#8243; global_colors_info=&#8221;{}&#8221;]<\/p>\n<p align=\"justify\"><span lang=\"ca-ES\">En el proc\u00e9s em vaig sentir molt c\u00f2mode. Em vaig sentir realment escoltat per part de l\u2019Anna, i es nota que li agrada ajudar els altres a cr\u00e9ixer tant a nivell personal com professional, amb l\u2019objectiu que es pugui gaudir d\u2019una vida m\u00e9s plena.<\/span><\/p>\n<p align=\"justify\">\n<h5 style=\"text-align: justify;\">Jordi Balcells<\/h5>\n<h6 style=\"text-align: justify;\">Economista<\/h6>\n<p>[\/et_pb_text][\/et_pb_column][\/et_pb_row][et_pb_row column_structure=&#8221;1_4,3_4&#8243; _builder_version=&#8221;4.16&#8243; background_image=&#8221;https:\/\/www.annaestil.es\/wp-content\/uploads\/2020\/07\/therapist-13.jpg&#8221; custom_margin=&#8221;30px||20px||false|false&#8221; custom_padding=&#8221;40px|80px|40px|60px|false|false&#8221; border_radii=&#8221;on|10px|10px|10px|10px&#8221; box_shadow_style=&#8221;preset3&#8243; box_shadow_vertical=&#8221;5px&#8221; box_shadow_blur=&#8221;24px&#8221; box_shadow_color=&#8221;rgba(91,91,91,0.31)&#8221; global_colors_info=&#8221;{}&#8221;][et_pb_column type=&#8221;1_4&#8243; _builder_version=&#8221;4.16&#8243; global_colors_info=&#8221;{}&#8221;][et_pb_image src=&#8221;https:\/\/www.annaestil.es\/wp-content\/uploads\/2023\/01\/foto-alex-3.png&#8221; title_text=&#8221;foto alex (3)&#8221; align=&#8221;center&#8221; _builder_version=&#8221;4.16&#8243; border_radii=&#8221;on|150px|150px|150px|150px&#8221; global_colors_info=&#8221;{}&#8221;][\/et_pb_image][\/et_pb_column][et_pb_column type=&#8221;3_4&#8243; _builder_version=&#8221;4.16&#8243; global_colors_info=&#8221;{}&#8221;][et_pb_text _builder_version=&#8221;4.16&#8243; text_font_size=&#8221;18px&#8221; text_line_height=&#8221;1.8em&#8221; header_5_font=&#8221;||on||||||&#8221; header_5_text_color=&#8221;#35aae1&#8243; global_colors_info=&#8221;{}&#8221;]<\/p>\n<p align=\"justify\"><span lang=\"ca-ES\">Despr\u00e8s de realitzar el programa amb l\u2019Anna durant varis mesos, puc dir que l\u2019acompanyament ha estat una gran experi\u00e8ncia, especialment per ajudar-me a conciliar el meu salt laboral amb el meu estil de vida i tenir clares quines eren les meves prioritats i poder manejar-les. Aquest proc\u00e9s ha estat molt intensiu, i el recolzament per la seva banda imprescindible. Les habilitats emprades han estat clau pel desenvolupament i el creixement personal que he experimentat durant els darreres mesos. <\/span><\/p>\n<h5 style=\"text-align: justify;\"><\/h5>\n<h5 style=\"text-align: justify;\">Alex Garre<\/h5>\n<h6 style=\"text-align: justify;\">Financial Planning &amp; Analyst \u2013 Europe<\/h6>\n<p>[\/et_pb_text][\/et_pb_column][\/et_pb_row][\/et_pb_section][et_pb_section fb_built=&#8221;1&#8243; admin_label=&#8221;Footer&#8221; module_id=&#8221;contact&#8221; _builder_version=&#8221;4.16&#8243; saved_tabs=&#8221;all&#8221; global_colors_info=&#8221;{}&#8221; global_module=&#8221;12036&#8243; theme_builder_area=&#8221;post_content&#8221;][et_pb_row _builder_version=&#8221;4.16&#8243; global_colors_info=&#8221;{}&#8221; theme_builder_area=&#8221;post_content&#8221;][et_pb_column type=&#8221;4_4&#8243; _builder_version=&#8221;4.16&#8243; global_colors_info=&#8221;{}&#8221; theme_builder_area=&#8221;post_content&#8221;][\/et_pb_column][\/et_pb_row][et_pb_row _builder_version=&#8221;4.16&#8243; locked=&#8221;off&#8221; global_colors_info=&#8221;{}&#8221; theme_builder_area=&#8221;post_content&#8221;][et_pb_column type=&#8221;4_4&#8243; _builder_version=&#8221;4.16&#8243; custom_padding=&#8221;|||&#8221; global_colors_info=&#8221;{}&#8221; custom_padding__hover=&#8221;|||&#8221; theme_builder_area=&#8221;post_content&#8221;][et_pb_text _builder_version=&#8221;4.16&#8243; text_font=&#8221;||||||||&#8221; text_line_height=&#8221;2em&#8221; header_font=&#8221;||||||||&#8221; header_2_font=&#8221;Montserrat||||||||&#8221; header_2_font_size=&#8221;40px&#8221; header_2_line_height=&#8221;1.4em&#8221; header_5_font=&#8221;||||||||&#8221; header_5_text_color=&#8221;#7f8dff&#8221; header_5_line_height=&#8221;2em&#8221; text_orientation=&#8221;center&#8221; max_width=&#8221;700px&#8221; module_alignment=&#8221;center&#8221; header_2_font_size_tablet=&#8221;&#8221; header_2_font_size_phone=&#8221;30px&#8221; header_2_font_size_last_edited=&#8221;on|phone&#8221; locked=&#8221;off&#8221; global_colors_info=&#8221;{}&#8221; theme_builder_area=&#8221;post_content&#8221;]<\/p>\n<h2>Contacta amb mi<\/h2>\n<p>\u00a0Per qualsevol consulta no dubtis en posar-te en contacte amb mi per <br \/>Whatsapp, Tel\u00e8fon o Correu electr\u00f2nic.<\/p>\n<p><strong>Estar\u00e9 encantada que em contactis i d\u2019acompanyar-te en tot el proc\u00e9s.<\/strong><\/p>\n<p>[\/et_pb_text][\/et_pb_column][\/et_pb_row][et_pb_row column_structure=&#8221;1_2,1_2&#8243; _builder_version=&#8221;4.16&#8243; global_colors_info=&#8221;{}&#8221; theme_builder_area=&#8221;post_content&#8221;][et_pb_column type=&#8221;1_2&#8243; _builder_version=&#8221;4.16&#8243; custom_padding=&#8221;|||&#8221; global_colors_info=&#8221;{}&#8221; custom_padding__hover=&#8221;|||&#8221; theme_builder_area=&#8221;post_content&#8221;][et_pb_blurb title=&#8221;+34 617 591 804&#8243; image=&#8221;https:\/\/www.annaestil.es\/wp-content\/uploads\/\/2020\/08\/icons8-whatsapp.svg&#8221; content_max_width=&#8221;1100px&#8221; _builder_version=&#8221;4.27.6&#8243; header_font=&#8221;Montserrat||||||||&#8221; header_font_size=&#8221;16px&#8221; header_line_height=&#8221;1.4em&#8221; text_orientation=&#8221;center&#8221; animation_style=&#8221;slide&#8221; animation_direction=&#8221;right&#8221; animation=&#8221;off&#8221; link_option_url=&#8221;https:\/\/wa.me\/+34617591804&#8243; link_option_url_new_window=&#8221;on&#8221; locked=&#8221;off&#8221; global_colors_info=&#8221;{}&#8221; theme_builder_area=&#8221;post_content&#8221;][\/et_pb_blurb][\/et_pb_column][et_pb_column type=&#8221;1_2&#8243; _builder_version=&#8221;4.16&#8243; global_colors_info=&#8221;{}&#8221; theme_builder_area=&#8221;post_content&#8221;][et_pb_blurb title=&#8221;infocoach@annaestil.es&#8221; use_icon=&#8221;on&#8221; font_icon=&#8221;&#xe076;||divi||400&#8243; icon_color=&#8221;#7f8dff&#8221; image_icon_width=&#8221;60px&#8221; content_max_width=&#8221;1100px&#8221; _builder_version=&#8221;4.27.6&#8243; header_font=&#8221;Montserrat||||||||&#8221; header_font_size=&#8221;16px&#8221; header_line_height=&#8221;1.4em&#8221; text_orientation=&#8221;center&#8221; animation_style=&#8221;slide&#8221; animation_direction=&#8221;right&#8221; animation_delay=&#8221;800ms&#8221; animation=&#8221;off&#8221; link_option_url=&#8221;mailto:infocoach@annaestil.es&#8221; link_option_url_new_window=&#8221;on&#8221; icon_font_size=&#8221;24px&#8221; locked=&#8221;off&#8221; global_colors_info=&#8221;{}&#8221; theme_builder_area=&#8221;post_content&#8221;][\/et_pb_blurb][\/et_pb_column][\/et_pb_row][\/et_pb_section]<\/p>\n","protected":false},"excerpt":{"rendered":"<p>Era la primera vegada a la meva vida que realitzava sessions de coaching i el resultat va ser molt millor del que esperava. L\u2019Anna va aconseguir ajudar-me sense ni tan sols donar-me cap consell, em va ajudar a mi mateix a entendre les meves necessitats, a prioritzar-les i a establir un pla que em permet\u00e9s [&hellip;]<\/p>\n","protected":false},"author":1,"featured_media":0,"parent":0,"menu_order":0,"comment_status":"closed","ping_status":"closed","template":"","meta":{"_et_pb_use_builder":"on","_et_pb_old_content":"","_et_gb_content_width":"","inline_featured_image":false,"_joinchat":[],"footnotes":""},"class_list":["post-505","page","type-page","status-publish","hentry"],"yoast_head":"<!-- This site is optimized with the Yoast SEO plugin v27.5 - https:\/\/yoast.com\/product\/yoast-seo-wordpress\/ -->\n<title>Testimoniatges de coaching | Opinions de clients \u2013 Anna Estil\u00b7les<\/title>\n<meta name=\"description\" content=\"Testimonis reals de persones que han confiat en Anna Estil\u00b7les com a mentora nutricionista i coach. Experi\u00e8ncies de transformaci\u00f3.\" \/>\n<meta name=\"robots\" content=\"index, follow, max-snippet:-1, max-image-preview:large, max-video-preview:-1\" \/>\n<link rel=\"canonical\" href=\"https:\/\/www.annaestil.es\/ca\/testimonis\/\" \/>\n<meta property=\"og:locale\" content=\"ca_ES\" \/>\n<meta property=\"og:type\" content=\"article\" \/>\n<meta property=\"og:title\" content=\"Testimoniatges de coaching | Opinions de clients \u2013 Anna Estil\u00b7les\" \/>\n<meta property=\"og:description\" content=\"Testimonis reals de persones que han confiat en Anna Estil\u00b7les com a mentora nutricionista i coach. Experi\u00e8ncies de transformaci\u00f3.\" \/>\n<meta property=\"og:url\" content=\"https:\/\/www.annaestil.es\/ca\/testimonis\/\" \/>\n<meta property=\"og:site_name\" content=\"Anna Esil\u00b7les\" \/>\n<meta property=\"article:modified_time\" content=\"2026-03-16T18:43:33+00:00\" \/>\n<meta name=\"twitter:card\" content=\"summary_large_image\" \/>\n<meta name=\"twitter:label1\" content=\"Temps estimat de lectura\" \/>\n\t<meta name=\"twitter:data1\" content=\"4 minuts\" \/>\n<script type=\"application\/ld+json\" class=\"yoast-schema-graph\">{\"@context\":\"https:\\\/\\\/schema.org\",\"@graph\":[{\"@type\":\"WebPage\",\"@id\":\"https:\\\/\\\/www.annaestil.es\\\/ca\\\/testimonis\\\/\",\"url\":\"https:\\\/\\\/www.annaestil.es\\\/ca\\\/testimonis\\\/\",\"name\":\"Testimoniatges de coaching | Opinions de clients \u2013 Anna Estil\u00b7les\",\"isPartOf\":{\"@id\":\"https:\\\/\\\/www.annaestil.es\\\/ca\\\/#website\"},\"datePublished\":\"2020-08-13T17:34:03+00:00\",\"dateModified\":\"2026-03-16T18:43:33+00:00\",\"description\":\"Testimonis reals de persones que han confiat en Anna Estil\u00b7les com a mentora nutricionista i coach. Experi\u00e8ncies de transformaci\u00f3.\",\"breadcrumb\":{\"@id\":\"https:\\\/\\\/www.annaestil.es\\\/ca\\\/testimonis\\\/#breadcrumb\"},\"inLanguage\":\"ca\",\"potentialAction\":[{\"@type\":\"ReadAction\",\"target\":[\"https:\\\/\\\/www.annaestil.es\\\/ca\\\/testimonis\\\/\"]}]},{\"@type\":\"BreadcrumbList\",\"@id\":\"https:\\\/\\\/www.annaestil.es\\\/ca\\\/testimonis\\\/#breadcrumb\",\"itemListElement\":[{\"@type\":\"ListItem\",\"position\":1,\"name\":\"Portada\",\"item\":\"https:\\\/\\\/www.annaestil.es\\\/ca\\\/\"},{\"@type\":\"ListItem\",\"position\":2,\"name\":\"Testimonis\"}]},{\"@type\":\"WebSite\",\"@id\":\"https:\\\/\\\/www.annaestil.es\\\/ca\\\/#website\",\"url\":\"https:\\\/\\\/www.annaestil.es\\\/ca\\\/\",\"name\":\"Anna Esil\u00b7les\",\"description\":\"Coach de Bienestar Familiar y Personal\",\"potentialAction\":[{\"@type\":\"SearchAction\",\"target\":{\"@type\":\"EntryPoint\",\"urlTemplate\":\"https:\\\/\\\/www.annaestil.es\\\/ca\\\/?s={search_term_string}\"},\"query-input\":{\"@type\":\"PropertyValueSpecification\",\"valueRequired\":true,\"valueName\":\"search_term_string\"}}],\"inLanguage\":\"ca\"}]}<\/script>\n<!-- \/ Yoast SEO plugin. -->","yoast_head_json":{"title":"Testimoniatges de coaching | Opinions de clients \u2013 Anna Estil\u00b7les","description":"Testimonis reals de persones que han confiat en Anna Estil\u00b7les com a mentora nutricionista i coach. Experi\u00e8ncies de transformaci\u00f3.","robots":{"index":"index","follow":"follow","max-snippet":"max-snippet:-1","max-image-preview":"max-image-preview:large","max-video-preview":"max-video-preview:-1"},"canonical":"https:\/\/www.annaestil.es\/ca\/testimonis\/","og_locale":"ca_ES","og_type":"article","og_title":"Testimoniatges de coaching | Opinions de clients \u2013 Anna Estil\u00b7les","og_description":"Testimonis reals de persones que han confiat en Anna Estil\u00b7les com a mentora nutricionista i coach. Experi\u00e8ncies de transformaci\u00f3.","og_url":"https:\/\/www.annaestil.es\/ca\/testimonis\/","og_site_name":"Anna Esil\u00b7les","article_modified_time":"2026-03-16T18:43:33+00:00","twitter_card":"summary_large_image","twitter_misc":{"Temps estimat de lectura":"4 minuts"},"schema":{"@context":"https:\/\/schema.org","@graph":[{"@type":"WebPage","@id":"https:\/\/www.annaestil.es\/ca\/testimonis\/","url":"https:\/\/www.annaestil.es\/ca\/testimonis\/","name":"Testimoniatges de coaching | Opinions de clients \u2013 Anna Estil\u00b7les","isPartOf":{"@id":"https:\/\/www.annaestil.es\/ca\/#website"},"datePublished":"2020-08-13T17:34:03+00:00","dateModified":"2026-03-16T18:43:33+00:00","description":"Testimonis reals de persones que han confiat en Anna Estil\u00b7les com a mentora nutricionista i coach. Experi\u00e8ncies de transformaci\u00f3.","breadcrumb":{"@id":"https:\/\/www.annaestil.es\/ca\/testimonis\/#breadcrumb"},"inLanguage":"ca","potentialAction":[{"@type":"ReadAction","target":["https:\/\/www.annaestil.es\/ca\/testimonis\/"]}]},{"@type":"BreadcrumbList","@id":"https:\/\/www.annaestil.es\/ca\/testimonis\/#breadcrumb","itemListElement":[{"@type":"ListItem","position":1,"name":"Portada","item":"https:\/\/www.annaestil.es\/ca\/"},{"@type":"ListItem","position":2,"name":"Testimonis"}]},{"@type":"WebSite","@id":"https:\/\/www.annaestil.es\/ca\/#website","url":"https:\/\/www.annaestil.es\/ca\/","name":"Anna Esil\u00b7les","description":"Coach de Bienestar Familiar y Personal","potentialAction":[{"@type":"SearchAction","target":{"@type":"EntryPoint","urlTemplate":"https:\/\/www.annaestil.es\/ca\/?s={search_term_string}"},"query-input":{"@type":"PropertyValueSpecification","valueRequired":true,"valueName":"search_term_string"}}],"inLanguage":"ca"}]}},"_links":{"self":[{"href":"https:\/\/www.annaestil.es\/ca\/wp-json\/wp\/v2\/pages\/505","targetHints":{"allow":["GET"]}}],"collection":[{"href":"https:\/\/www.annaestil.es\/ca\/wp-json\/wp\/v2\/pages"}],"about":[{"href":"https:\/\/www.annaestil.es\/ca\/wp-json\/wp\/v2\/types\/page"}],"author":[{"embeddable":true,"href":"https:\/\/www.annaestil.es\/ca\/wp-json\/wp\/v2\/users\/1"}],"replies":[{"embeddable":true,"href":"https:\/\/www.annaestil.es\/ca\/wp-json\/wp\/v2\/comments?post=505"}],"version-history":[{"count":11,"href":"https:\/\/www.annaestil.es\/ca\/wp-json\/wp\/v2\/pages\/505\/revisions"}],"predecessor-version":[{"id":12039,"href":"https:\/\/www.annaestil.es\/ca\/wp-json\/wp\/v2\/pages\/505\/revisions\/12039"}],"wp:attachment":[{"href":"https:\/\/www.annaestil.es\/ca\/wp-json\/wp\/v2\/media?parent=505"}],"curies":[{"name":"wp","href":"https:\/\/api.w.org\/{rel}","templated":true}]}}